{"id":542,"date":"2018-03-11T14:01:33","date_gmt":"2018-03-11T14:01:33","guid":{"rendered":"http:\/\/awo-koenigswinter.de\/?page_id=542"},"modified":"2022-11-17T16:08:55","modified_gmt":"2022-11-17T16:08:55","slug":"rueckblick-2018","status":"publish","type":"page","link":"https:\/\/awo-koenigswinter.de\/?page_id=542","title":{"rendered":"R\u00fcckblick 2018"},"content":{"rendered":"<p><strong>AWO-Weihnachtsfest im vollen Saal<\/strong><\/p>\n<p>Ein fr\u00f6hliches Weihnachtsfest im gut gef\u00fcllten Saal des Evangelischen Gemeindehauses in Niederdollendorf feierte die AWO K\u00f6nigswinter am letzten Samstag. Zu Beginn wurden die langj\u00e4hrigen AWO-Mitgliedere geehrt: Waltraud Eichengr\u00fcn und Veronika Holzbach f\u00fcr 30 Jahre Mitgliedschaft, Hildegard Hiltafski und Martin Auen f\u00fcr 20 Jahre, Rosemrie Ehrlich-Kloppenburg, Carol W\u00fcrtz und Christel Piontek f\u00fcr 15 Jahre.<\/p>\n<p>Besonderer Ehrengast war Willi Armbr\u00f6ster, der unter gro\u00dfem Beifall seine rheinischen Gedichte und Geschichten zum Besten gab. Rheinische Weihnachtslieder mit Ulrike Ries und Ernst Staudacher standen ebenfalls auf dem Programm. Ein reichhaltiges Kuchenbuffet und eine Tombola mit attraktiven Preisen ortsans\u00e4ssiger Gesch\u00e4ftsleute rundeten das erfolgreiche Fest ab.<\/p>\n<p><img loading=\"lazy\" decoding=\"async\" class=\"alignleft wp-image-644\" src=\"http:\/\/awo-koenigswinter.de\/wp-content\/uploads\/2018\/12\/DSC0708Weihnachtsfeier-2018-300x221.jpg\" alt=\"\" width=\"318\" height=\"234\" srcset=\"https:\/\/awo-koenigswinter.de\/wp-content\/uploads\/2018\/12\/DSC0708Weihnachtsfeier-2018-300x221.jpg 300w, https:\/\/awo-koenigswinter.de\/wp-content\/uploads\/2018\/12\/DSC0708Weihnachtsfeier-2018-768x565.jpg 768w, https:\/\/awo-koenigswinter.de\/wp-content\/uploads\/2018\/12\/DSC0708Weihnachtsfeier-2018-1024x754.jpg 1024w\" sizes=\"auto, (max-width: 318px) 100vw, 318px\" \/> <img loading=\"lazy\" decoding=\"async\" class=\"alignleft wp-image-642 size-medium\" src=\"http:\/\/awo-koenigswinter.de\/wp-content\/uploads\/2018\/12\/DSC0694Cornela-Hanni-Weihnachtsfeier-2018-300x234.jpg\" alt=\"\" width=\"300\" height=\"234\" \/> <img loading=\"lazy\" decoding=\"async\" class=\"alignnone wp-image-646\" src=\"http:\/\/awo-koenigswinter.de\/wp-content\/uploads\/2018\/12\/DSC0713Armbr\u00f6ster-270x300.jpg\" alt=\"\" width=\"210\" height=\"234\" \/><\/p>\n<p>Bildnachweise: Ries, 1. Foto v.links: Cornelia Mazur-Fl\u00f6er, Wlli Armbr\u00f6ster, Jubilarin Carol W\u00fcrtz und AWO-Vorsitzende Hannelore Sander, 2. Foto: C. Mazur-Fl\u00f6er und H. Sander, 3. Foto: Willi Armbr\u00f6ster<\/p>\n<p>&nbsp;<\/p>\n<p><img loading=\"lazy\" decoding=\"async\" class=\"alignnone wp-image-650\" src=\"http:\/\/awo-koenigswinter.de\/wp-content\/uploads\/2018\/12\/DSC0736Karin-Angelika-300x199.jpg\" alt=\"\" width=\"227\" height=\"150\" \/> \u00a0 \u00a0\u00a0\u00a0 \u00a0 <img loading=\"lazy\" decoding=\"async\" class=\"alignnone wp-image-648\" src=\"http:\/\/awo-koenigswinter.de\/wp-content\/uploads\/2018\/12\/DSC0729Ernst-300x199.jpg\" alt=\"\" width=\"227\" height=\"150\" \/>\u00a0\u00a0\u00a0\u00a0\u00a0\u00a0\u00a0\u00a0\u00a0\u00a0 <img loading=\"lazy\" decoding=\"async\" class=\"alignnone wp-image-647\" src=\"http:\/\/awo-koenigswinter.de\/wp-content\/uploads\/2018\/12\/DSC0723Weihnachtsfeier-2018-300x151.jpg\" alt=\"\" width=\"298\" height=\"150\" \/><\/p>\n<p><img loading=\"lazy\" decoding=\"async\" class=\"wp-image-649 size-medium alignleft\" src=\"http:\/\/awo-koenigswinter.de\/wp-content\/uploads\/2018\/12\/DSC0734Tombola-Helga-300x199.jpg\" alt=\"\" width=\"300\" height=\"199\" srcset=\"https:\/\/awo-koenigswinter.de\/wp-content\/uploads\/2018\/12\/DSC0734Tombola-Helga-300x199.jpg 300w, https:\/\/awo-koenigswinter.de\/wp-content\/uploads\/2018\/12\/DSC0734Tombola-Helga-768x509.jpg 768w, https:\/\/awo-koenigswinter.de\/wp-content\/uploads\/2018\/12\/DSC0734Tombola-Helga-1024x678.jpg 1024w\" sizes=\"auto, (max-width: 300px) 100vw, 300px\" \/>\u00a0 <img loading=\"lazy\" decoding=\"async\" class=\"wp-image-643 size-medium alignnone\" src=\"http:\/\/awo-koenigswinter.de\/wp-content\/uploads\/2018\/12\/DSC0698Kuchenbuffet-Christine-Weihnachtsfeier-2018-246x300.jpg\" alt=\"\" width=\"246\" height=\"300\" srcset=\"https:\/\/awo-koenigswinter.de\/wp-content\/uploads\/2018\/12\/DSC0698Kuchenbuffet-Christine-Weihnachtsfeier-2018-246x300.jpg 246w, https:\/\/awo-koenigswinter.de\/wp-content\/uploads\/2018\/12\/DSC0698Kuchenbuffet-Christine-Weihnachtsfeier-2018-768x937.jpg 768w, https:\/\/awo-koenigswinter.de\/wp-content\/uploads\/2018\/12\/DSC0698Kuchenbuffet-Christine-Weihnachtsfeier-2018-839x1024.jpg 839w\" sizes=\"auto, (max-width: 246px) 100vw, 246px\" \/>\u00a0\u00a0\u00a0\u00a0\u00a0\u00a0\u00a0\u00a0\u00a0 <img loading=\"lazy\" decoding=\"async\" class=\"wp-image-651 size-medium alignnone\" src=\"http:\/\/awo-koenigswinter.de\/wp-content\/uploads\/2018\/12\/DSC0738-Ulrike-und-Ernst-Weihnachtsfeier-2018-218x300.jpg\" alt=\"\" width=\"218\" height=\"300\" srcset=\"https:\/\/awo-koenigswinter.de\/wp-content\/uploads\/2018\/12\/DSC0738-Ulrike-und-Ernst-Weihnachtsfeier-2018-218x300.jpg 218w, https:\/\/awo-koenigswinter.de\/wp-content\/uploads\/2018\/12\/DSC0738-Ulrike-und-Ernst-Weihnachtsfeier-2018-768x1057.jpg 768w, https:\/\/awo-koenigswinter.de\/wp-content\/uploads\/2018\/12\/DSC0738-Ulrike-und-Ernst-Weihnachtsfeier-2018-744x1024.jpg 744w\" sizes=\"auto, (max-width: 218px) 100vw, 218px\" \/><\/p>\n<p>&nbsp;<\/p>\n<p><strong>__________________________________________________________________________________________________________________________________<\/strong><\/p>\n<p>Die AWO-Waffelb\u00e4ckerei war auf dem diesj\u00e4hrigen Apfelsonntag wieder sehr beliebt.<\/p>\n<p>Dann machte das Waffeln backen richtig Spa\u00df.<\/p>\n<p><img loading=\"lazy\" decoding=\"async\" class=\"size-medium wp-image-582 alignleft\" src=\"http:\/\/awo-koenigswinter.de\/wp-content\/uploads\/2018\/09\/Apfelsonntag-2018-300x169.jpg\" alt=\"\" width=\"300\" height=\"169\" srcset=\"https:\/\/awo-koenigswinter.de\/wp-content\/uploads\/2018\/09\/Apfelsonntag-2018-300x169.jpg 300w, https:\/\/awo-koenigswinter.de\/wp-content\/uploads\/2018\/09\/Apfelsonntag-2018-768x432.jpg 768w, https:\/\/awo-koenigswinter.de\/wp-content\/uploads\/2018\/09\/Apfelsonntag-2018-1024x576.jpg 1024w\" sizes=\"auto, (max-width: 300px) 100vw, 300px\" \/><\/p>\n<p>&nbsp;<\/p>\n<p>&nbsp;<\/p>\n<p>&nbsp;<\/p>\n<p>&nbsp;<\/p>\n<p>&nbsp;<\/p>\n<p>Foto von links: Heinz Liebig, Hannelore Sander, Jutta Otto.<br \/>\n________________________________________________________________________________________________________________________<\/p>\n<p>&nbsp;<\/p>\n<p><b>Inspirationen in \u00d6l bei der AWO<\/b><\/p>\n<div id=\"attachment_610\" style=\"width: 284px\" class=\"wp-caption alignleft\"><img loading=\"lazy\" decoding=\"async\" aria-describedby=\"caption-attachment-610\" class=\"wp-image-610\" src=\"http:\/\/awo-koenigswinter.de\/wp-content\/uploads\/2018\/09\/Ausstelleung-Malguth_DSC0441-300x257.jpg\" alt=\"\" width=\"274\" height=\"235\" srcset=\"https:\/\/awo-koenigswinter.de\/wp-content\/uploads\/2018\/09\/Ausstelleung-Malguth_DSC0441-300x257.jpg 300w, https:\/\/awo-koenigswinter.de\/wp-content\/uploads\/2018\/09\/Ausstelleung-Malguth_DSC0441-768x658.jpg 768w, https:\/\/awo-koenigswinter.de\/wp-content\/uploads\/2018\/09\/Ausstelleung-Malguth_DSC0441-1024x877.jpg 1024w\" sizes=\"auto, (max-width: 274px) 100vw, 274px\" \/><p id=\"caption-attachment-610\" class=\"wp-caption-text\"><span style=\"display: inline !important; float: none; background-color: #f2dcc4; color: #333333; cursor: text; font-family: Georgia,'Times New Roman','Bitstream Charter',Times,serif; font-size: 16px; font-style: normal; font-variant: normal; font-weight: 400; letter-spacing: normal; orphans: 2; text-align: left; text-decoration: none; text-indent: 0px; text-transform: none; -webkit-text-stroke-width: 0px; white-space: normal; word-spacing: 0px;\"> Bianca Malguth<\/span><\/p><\/div>\n<p><img loading=\"lazy\" decoding=\"async\" class=\"alignleft wp-image-609\" src=\"http:\/\/awo-koenigswinter.de\/wp-content\/uploads\/2018\/09\/Ausstellung-Malguth_DSC0447-300x228.jpg\" alt=\"\" width=\"309\" height=\"235\" srcset=\"https:\/\/awo-koenigswinter.de\/wp-content\/uploads\/2018\/09\/Ausstellung-Malguth_DSC0447-300x228.jpg 300w, https:\/\/awo-koenigswinter.de\/wp-content\/uploads\/2018\/09\/Ausstellung-Malguth_DSC0447-768x584.jpg 768w, https:\/\/awo-koenigswinter.de\/wp-content\/uploads\/2018\/09\/Ausstellung-Malguth_DSC0447-1024x779.jpg 1024w\" sizes=\"auto, (max-width: 309px) 100vw, 309px\" \/><\/p>\n<p>&nbsp;<\/p>\n<p>&nbsp;<\/p>\n<p>&nbsp;<\/p>\n<p>&nbsp;<\/p>\n<p>&nbsp;<\/p>\n<p>&nbsp;<\/p>\n<p>&nbsp;<\/p>\n<p><b>I<\/b><b><\/b><\/p>\n<p>&nbsp;<\/p>\n<p><img loading=\"lazy\" decoding=\"async\" class=\"alignleft wp-image-608\" src=\"http:\/\/awo-koenigswinter.de\/wp-content\/uploads\/2018\/09\/Ausstellung-Malguth2_DSC0449-300x198.jpg\" alt=\"\" width=\"356\" height=\"235\" srcset=\"https:\/\/awo-koenigswinter.de\/wp-content\/uploads\/2018\/09\/Ausstellung-Malguth2_DSC0449-300x198.jpg 300w, https:\/\/awo-koenigswinter.de\/wp-content\/uploads\/2018\/09\/Ausstellung-Malguth2_DSC0449-768x507.jpg 768w, https:\/\/awo-koenigswinter.de\/wp-content\/uploads\/2018\/09\/Ausstellung-Malguth2_DSC0449-1024x675.jpg 1024w\" sizes=\"auto, (max-width: 356px) 100vw, 356px\" \/><\/p>\n<div id=\"attachment_606\" style=\"width: 469px\" class=\"wp-caption alignleft\"><img loading=\"lazy\" decoding=\"async\" aria-describedby=\"caption-attachment-606\" class=\"wp-image-606\" src=\"http:\/\/awo-koenigswinter.de\/wp-content\/uploads\/2018\/09\/Ausstellung-Malaguth3DSC0452-300x154.jpg\" alt=\"\" width=\"459\" height=\"235\" srcset=\"https:\/\/awo-koenigswinter.de\/wp-content\/uploads\/2018\/09\/Ausstellung-Malaguth3DSC0452-300x154.jpg 300w, https:\/\/awo-koenigswinter.de\/wp-content\/uploads\/2018\/09\/Ausstellung-Malaguth3DSC0452-768x393.jpg 768w, https:\/\/awo-koenigswinter.de\/wp-content\/uploads\/2018\/09\/Ausstellung-Malaguth3DSC0452-1024x524.jpg 1024w\" sizes=\"auto, (max-width: 459px) 100vw, 459px\" \/><p id=\"caption-attachment-606\" class=\"wp-caption-text\"><span style=\"display: inline !important; float: none; background-color: #f2dcc4; color: #333333; cursor: text; font-family: Georgia,'Times New Roman','Bitstream Charter',Times,serif; font-size: 16px; font-style: normal; font-variant: normal; font-weight: 400; letter-spacing: normal; orphans: 2; text-align: left; text-decoration: none; text-indent: 0px; text-transform: none; -webkit-text-stroke-width: 0px; white-space: normal; word-spacing: 0px;\"> Vernissage Bianca Malguth (4. v.l.) Hannelore Sander (5. v.l.)<\/span><\/p><\/div>\n<p>&nbsp;<\/p>\n<p>&nbsp;<\/p>\n<p>&nbsp;<\/p>\n<p>&nbsp;<\/p>\n<p>&nbsp;<\/p>\n<p>&nbsp;<\/p>\n<p>&nbsp;<\/p>\n<p>&nbsp;<\/p>\n<p><b><\/b>Zahlreiche Besucher versammelten sich im AWO-Treff, um die &#8222;Inspirationen in \u00d6l&#8220; der Malerin Bianca Malguth zu bewundern. AWO-Vorsitzende Hannelore Sander freute sich in ihrer Einf\u00fchrung, dass sich der AWO-Treff als Ausstellungsraum f\u00fcr junge K\u00f6nigswinterer K\u00fcnstler fest etabliert habe. &#8222;Bianca Malguth geh\u00f6rt zu den jungen Talenten, die zwar schon in jungen Jahren mit dem Malen begonnen, aber erst vor einigen Jahren ausgestellt haben. Ihre Arbeiten zeugen von vielseitigen Ausdrucksformen mit hohem k\u00fcnstlerischem Anspruch.&#8220; Ihre Ausstellungsst\u00fccke reichen von der kr\u00e4ftigen Ozeanwelle \u00fcber l\u00e4ndliche Motive in Ostfriesland bis zu Portr\u00e4ts beispielweise einer afrikanischen Frau. Vor allem Landschaften an der norddeutschen K\u00fcste haben es ihr angetan. Sie geh\u00f6rt zur Gemeinschaft K\u00f6nigswinterer K\u00fcnstler und hat bereits am Wet Painting teilgenommen.<\/p>\n<p>Ihre Ausstellung war im AWO-Treff in Niederdollendorf, Hauptstra\u00dfe 109, montags, mittwochs und donnerstags von 15 bis 18 Uhr zu sehen.<\/p>\n<p>&nbsp;<\/p>\n<p>________________________________________________________________________________________________________________________________<\/p>\n<p>&nbsp;<\/p>\n<p><strong>AWO Tag am 16.Juni<\/strong><\/p>\n<p>Ihren diesj\u00e4hrigen AWO Tag feierte die AWO K\u00f6nigswinter am 16. Juni im Hof des AWO Ladens in Niederdollendorf, Hauptstra\u00dfe 109.<br \/>\nEr begann mit einer &#8222;Wanderung zwischen den F\u00e4hren&#8220;. Treffpunkt war 11 Uhr an der F\u00e4hre Niederdollendorf. Dann ging es um 13 Uhr weiter mit gegrillten W\u00fcrstchen und Kaffee mit selbstgebackenen Kuchen.<br \/>\n________________________________________________________________________________________________________________________________<\/p>\n<p>&nbsp;<\/p>\n<p><img loading=\"lazy\" decoding=\"async\" class=\"size-medium wp-image-514 alignleft\" src=\"http:\/\/awo-koenigswinter.de\/wp-content\/uploads\/2018\/01\/Vernissage-Fotoausstellung-2018-300x200.jpg\" alt=\"\" width=\"300\" height=\"200\" srcset=\"https:\/\/awo-koenigswinter.de\/wp-content\/uploads\/2018\/01\/Vernissage-Fotoausstellung-2018-300x200.jpg 300w, https:\/\/awo-koenigswinter.de\/wp-content\/uploads\/2018\/01\/Vernissage-Fotoausstellung-2018-768x512.jpg 768w, https:\/\/awo-koenigswinter.de\/wp-content\/uploads\/2018\/01\/Vernissage-Fotoausstellung-2018-1024x683.jpg 1024w\" sizes=\"auto, (max-width: 300px) 100vw, 300px\" \/><\/p>\n<p><strong>Bahnhof im Blick<\/strong><\/p>\n<p>Der Niederdollendorfer Bahnhof war Mittelpunkt einer Fotoausstellung der AWO K\u00f6nigswinter, die aus den besten Bildern eines zuvor stattgefundenen Workshops \u00fcber Architekturfotografie entstanden ist. Zahlreiche Hobbyfotografen hatten Aspekte des 1870 er\u00f6ffneten Empfangsgeb\u00e4udes und des 1910 entstandenen Betriebsgeb\u00e4udes in den Blick genommen, andere zeigten den verwunschenen Verfallszustand des Backsteinbaus oder eine besondere Ansicht der Zugschienen. Unter dem Thema Architekturfotografie kamen dar\u00fcber hinaus sehenswerte Niederdollendorfer Fachwerkbauten und nicht zuletzt verschiedene Perspektiven der Kirche St. Michael zum Ausdruck. Workshop-Leiter Gerd Sander zeigte sich mit den Ergebnissen des dritten Fotoworkshops zufrieden: &#8222;Jedes Foto hat seinen ganz besonderen Reiz, sowohl wegen der sorgf\u00e4ltig durchdachten Motivwahl als auch wegen der fotografischen Qualit\u00e4t.&#8220; Die AWO zeigte die Fotoausstellung bis Juni montags, mittwochs und donnerstags zwischen 15 und 18 Uhr im AWO-Treff in Niederdollendorf, Hauptstra\u00dfe 109.<\/p>\n<p>______________________________________________________________________________________________________________________________<\/p>\n<p><b>Kunst in der Tafel<\/b><\/p>\n<p>Eine Kunstausstellung der Gemeinschaft K\u00f6nigswinterer K\u00fcnstler (GKK) fand anl\u00e4sslich der Kunsttage K\u00f6nigswinter erstmalig in den R\u00e4umlichkeiten der AWO-Tafel im K\u00fcferweg 5 statt. Kooperationspartner waren die AWO K\u00f6nigswinter, die sich seit einigen Jahren an den Kunsttagen beteiligt, und die AWO Rhein-Sieg.<\/p>\n<p>Die Ausstellung wurde am 20. 4. er\u00f6ffnet.<\/p>\n<p>__________________________________________________________________________________________________________________________________<\/p>\n<p>&nbsp;<\/p>\n<p>Pr\u00e4sentation der AWO K\u00f6nigswinter auf dem Ehrenamtstag am 10. M\u00e4rz 2018<br \/>\nvon links: Bernd Roski, Hannelore Sander, Heinz Liebig<\/p>\n<p><img loading=\"lazy\" decoding=\"async\" class=\"alignnone size-medium wp-image-537\" src=\"http:\/\/awo-koenigswinter.de\/wp-content\/uploads\/2018\/03\/Ehrenamtstag-2018-e1520768800113-225x300.jpg\" alt=\"\" width=\"225\" height=\"300\" srcset=\"https:\/\/awo-koenigswinter.de\/wp-content\/uploads\/2018\/03\/Ehrenamtstag-2018-e1520768800113-225x300.jpg 225w, https:\/\/awo-koenigswinter.de\/wp-content\/uploads\/2018\/03\/Ehrenamtstag-2018-e1520768800113-768x1024.jpg 768w\" sizes=\"auto, (max-width: 225px) 100vw, 225px\" \/>_________________________________________________________________________________________________________________________________<\/p>\n<p>&nbsp;<\/p>\n<p>AWO allaaf! hie\u00df es am Rosenmontag im AWO-Treff. In guter Stimmung wurde den ganzen Nachmittag \u00fcber gefeiert.<\/p>\n<p><img loading=\"lazy\" decoding=\"async\" class=\"alignnone wp-image-529 \" src=\"http:\/\/awo-koenigswinter.de\/wp-content\/uploads\/2018\/02\/20180212_140757Rosenmontaga-2018-300x225.jpg\" alt=\"\" width=\"344\" height=\"261\" \/> <img loading=\"lazy\" decoding=\"async\" class=\"wp-image-530 alignnone\" src=\"http:\/\/awo-koenigswinter.de\/wp-content\/uploads\/2018\/02\/Heinz-Liebig-Rosenmontag-2018-225x300.jpg\" alt=\"\" width=\"194\" height=\"254\" \/><\/p>\n<p>___________________________________________________________________________________________________________________________<\/p>\n<p>&nbsp;<\/p>\n","protected":false},"excerpt":{"rendered":"<p>AWO-Weihnachtsfest im vollen Saal Ein fr\u00f6hliches Weihnachtsfest im gut gef\u00fcllten Saal des Evangelischen Gemeindehauses in Niederdollendorf feierte die AWO K\u00f6nigswinter am letzten Samstag. Zu Beginn wurden die langj\u00e4hrigen AWO-Mitgliedere geehrt: Waltraud Eichengr\u00fcn und Veronika Holzbach f\u00fcr 30 Jahre Mitgliedschaft, Hildegard <span class=\"excerpt-dots\">&hellip;<\/span> <a class=\"more-link\" href=\"https:\/\/awo-koenigswinter.de\/?page_id=542\"><span class=\"more-msg\">Weiterlesen &rarr;<\/span><\/a><\/p>\n","protected":false},"author":1,"featured_media":0,"parent":27,"menu_order":18,"comment_status":"closed","ping_status":"closed","template":"","meta":{"footnotes":""},"class_list":["post-542","page","type-page","status-publish","hentry"],"_links":{"self":[{"href":"https:\/\/awo-koenigswinter.de\/index.php?rest_route=\/wp\/v2\/pages\/542","targetHints":{"allow":["GET"]}}],"collection":[{"href":"https:\/\/awo-koenigswinter.de\/index.php?rest_route=\/wp\/v2\/pages"}],"about":[{"href":"https:\/\/awo-koenigswinter.de\/index.php?rest_route=\/wp\/v2\/types\/page"}],"author":[{"embeddable":true,"href":"https:\/\/awo-koenigswinter.de\/index.php?rest_route=\/wp\/v2\/users\/1"}],"replies":[{"embeddable":true,"href":"https:\/\/awo-koenigswinter.de\/index.php?rest_route=%2Fwp%2Fv2%2Fcomments&post=542"}],"version-history":[{"count":11,"href":"https:\/\/awo-koenigswinter.de\/index.php?rest_route=\/wp\/v2\/pages\/542\/revisions"}],"predecessor-version":[{"id":671,"href":"https:\/\/awo-koenigswinter.de\/index.php?rest_route=\/wp\/v2\/pages\/542\/revisions\/671"}],"up":[{"embeddable":true,"href":"https:\/\/awo-koenigswinter.de\/index.php?rest_route=\/wp\/v2\/pages\/27"}],"wp:attachment":[{"href":"https:\/\/awo-koenigswinter.de\/index.php?rest_route=%2Fwp%2Fv2%2Fmedia&parent=542"}],"curies":[{"name":"wp","href":"https:\/\/api.w.org\/{rel}","templated":true}]}}