{"id":34,"date":"2016-02-29T15:57:51","date_gmt":"2016-02-29T15:57:51","guid":{"rendered":"http:\/\/awo-koenigswinter.de\/?page_id=34"},"modified":"2026-01-27T14:46:07","modified_gmt":"2026-01-27T14:46:07","slug":"reisen-und-fahrten","status":"publish","type":"page","link":"https:\/\/awo-koenigswinter.de\/?page_id=34","title":{"rendered":"Fahrten und Reisen"},"content":{"rendered":"<p>&nbsp;<\/p>\n<h3><span style=\"color: #ff0000;\">\u00a0<b id=\"yiv5136570922yui_3_16_0_1_1424439591349_7596\">Tapetenwechsel gegen Einsamkeit<\/b><\/span><\/h3>\n<div id=\"yiv5136570922yui_3_16_0_1_1424439591349_7751\">\n<h4 id=\"yui_3_16_0_1_1452253406424_9038\"><img loading=\"lazy\" decoding=\"async\" class=\"alignleft size-large wp-image-30\" src=\"http:\/\/awo-koenigswinter.de\/wp-content\/uploads\/2016\/02\/AWO_Reisen_titelbild-h-1024x473.jpg\" alt=\"AWO_Reisen_titelbild-h\" width=\"1024\" height=\"473\" srcset=\"https:\/\/awo-koenigswinter.de\/wp-content\/uploads\/2016\/02\/AWO_Reisen_titelbild-h.jpg 1024w, https:\/\/awo-koenigswinter.de\/wp-content\/uploads\/2016\/02\/AWO_Reisen_titelbild-h-300x139.jpg 300w, https:\/\/awo-koenigswinter.de\/wp-content\/uploads\/2016\/02\/AWO_Reisen_titelbild-h-768x355.jpg 768w\" sizes=\"auto, (max-width: 1024px) 100vw, 1024px\" \/><\/h4>\n<\/div>\n<p id=\"yiv5136570922yui_3_16_0_1_1424439591349_7752\">Wer sich einsam f\u00fchlt und neue soziale Kontakte sucht, kann das mit einem Tapetenwechsel verbinden. Zu kleinen Preisen bietet\u00a0 die Arbeiterwohlfahrt K\u00f6nigswinter ein reichhaltiges Programm an Tagesfahrten in diesem Jahr an.<\/p>\n<p>_____________________________________________________________________________________________________________________________________<\/p>\n<p><strong>Fahrten und Reisen der AWO 2026<\/strong><\/p>\n<p>Auch in diesem Jahr h\u00e4lt die AWO K\u00f6nigswinter wieder ein vielf\u00e4ltiges Angebot an Fahrten und Reisen bereit.<\/p>\n<p><strong>\u00a0<\/strong><strong>TAGESFAHRTEN 2026<\/strong><\/p>\n<p>Die Tagesfahrten finden immer an einem Mittwoch statt. Sie kosten von diesem Jahr an 30 \u20ac plus Eintrittsgelder. F\u00fcr Teilnehmer:innen, die kein Mitglied der AWO sind, sind 5 \u20ac mehr zu bezahlen.<\/p>\n<p>Am <strong>Mittwoch, dem 1. April,<\/strong> unternehmen wir unsere traditionelle Fahrt nach K\u00f6ln mit dem Motto: \u201eKirchen, Kunst und K\u00f6lsch\u201c. Als erste Station besuchen wir die Basilika St. Aposteln. Die F\u00fchrung in dieser Kirche \u00fcbernimmt Franz-Joachim Th\u00fcr. Danach geht es auf kurzem Weg zum Museum Schn\u00fctgen in der romanischen Kirche St. C\u00e4cilia mit herausragender kirchlicher Kunst. Highlight ist im Moment eine prachtvolle Handschrift aus der Zeit um 1300. Danach st\u00e4rken wir uns in der Traditionsgastst\u00e4tte \u201eBei d\u2018r Tant\u201c, die immer wieder einen Besuch wert ist.<\/p>\n<div id=\"attachment_1678\" style=\"width: 310px\" class=\"wp-caption alignnone\"><img loading=\"lazy\" decoding=\"async\" aria-describedby=\"caption-attachment-1678\" class=\"size-full wp-image-1678\" src=\"https:\/\/awo-koenigswinter.de\/wp-content\/uploads\/2026\/01\/Koeln-MuseumSchnuetgen.jpg\" alt=\"\" width=\"300\" height=\"300\" srcset=\"https:\/\/awo-koenigswinter.de\/wp-content\/uploads\/2026\/01\/Koeln-MuseumSchnuetgen.jpg 300w, https:\/\/awo-koenigswinter.de\/wp-content\/uploads\/2026\/01\/Koeln-MuseumSchnuetgen-150x150.jpg 150w\" sizes=\"auto, (max-width: 300px) 100vw, 300px\" \/><p id=\"caption-attachment-1678\" class=\"wp-caption-text\">Museum Schnuetgen,Anbetung der Hl. 3 Koenige,Hochaltar,K\u00f6ln,Inv.Nr. K210<\/p><\/div>\n<p>Am <strong>Mittwoch, dem 13. Mai<\/strong>, erkunden wir die historische Altstadt von Andernach und fahren mit dem Schiff zum h\u00f6chsten Kaltwasser-Geysir der Welt, dem wohl spektakul\u00e4rsten Naturschauspiel am Mittelrhein.<\/p>\n<p><img loading=\"lazy\" decoding=\"async\" class=\"alignnone size-medium wp-image-1676\" src=\"https:\/\/awo-koenigswinter.de\/wp-content\/uploads\/2026\/01\/Andernach-Geysir-300x186.jpg\" alt=\"\" width=\"300\" height=\"186\" srcset=\"https:\/\/awo-koenigswinter.de\/wp-content\/uploads\/2026\/01\/Andernach-Geysir-300x186.jpg 300w, https:\/\/awo-koenigswinter.de\/wp-content\/uploads\/2026\/01\/Andernach-Geysir.jpg 430w\" sizes=\"auto, (max-width: 300px) 100vw, 300px\" \/><\/p>\n<p>Am <strong>Mittwoch, dem 12. August<\/strong>, gehen wir auf Entdeckungsreise nach Hattingen im Herzen des Ruhrgebiets mit vielen liebevoll restaurierten Fachwerkh\u00e4usern und besuchen das LWL-Industriemuseum Heinrichsh\u00fctte. Denn neben der gut erhaltenen historischen Altstadt steht Hattingen auch f\u00fcr Industriekultur.<\/p>\n<p><img loading=\"lazy\" decoding=\"async\" class=\"alignnone size-medium wp-image-1677\" src=\"https:\/\/awo-koenigswinter.de\/wp-content\/uploads\/2026\/01\/Hattinger-Altstadt-200x300.jpg\" alt=\"\" width=\"200\" height=\"300\" srcset=\"https:\/\/awo-koenigswinter.de\/wp-content\/uploads\/2026\/01\/Hattinger-Altstadt-200x300.jpg 200w, https:\/\/awo-koenigswinter.de\/wp-content\/uploads\/2026\/01\/Hattinger-Altstadt-683x1024.jpg 683w, https:\/\/awo-koenigswinter.de\/wp-content\/uploads\/2026\/01\/Hattinger-Altstadt.jpg 768w\" sizes=\"auto, (max-width: 200px) 100vw, 200px\" \/><\/p>\n<p>Am <strong>Mittwoch, dem 9. September<\/strong>, geht es in das mittelalterliche St\u00e4dtchen Zons mit seiner ehemaligen Zollfeste Zons am Rhein aus dem 14. Jahrhundert, wo wir im Rahmen einer F\u00fchrung in das Mittelalter eintauchen.<\/p>\n<p><img loading=\"lazy\" decoding=\"async\" class=\"alignnone size-medium wp-image-1682\" src=\"https:\/\/awo-koenigswinter.de\/wp-content\/uploads\/2026\/01\/Zons_Markus_Nicolini-300x200.jpg\" alt=\"\" width=\"300\" height=\"200\" srcset=\"https:\/\/awo-koenigswinter.de\/wp-content\/uploads\/2026\/01\/Zons_Markus_Nicolini-300x200.jpg 300w, https:\/\/awo-koenigswinter.de\/wp-content\/uploads\/2026\/01\/Zons_Markus_Nicolini-1024x682.jpg 1024w, https:\/\/awo-koenigswinter.de\/wp-content\/uploads\/2026\/01\/Zons_Markus_Nicolini-768x512.jpg 768w, https:\/\/awo-koenigswinter.de\/wp-content\/uploads\/2026\/01\/Zons_Markus_Nicolini.jpg 1280w\" sizes=\"auto, (max-width: 300px) 100vw, 300px\" \/><\/p>\n<p>Am <strong>Mittwoch, dem 2. Dezember<\/strong>, besuchen wir den romantischen Weihnachtsmarkt im Schloss Merode, der durch die Pr\u00e4sentation traditionellen Handwerks und zauberhafte Lichtinstallationen beeindruckt.\u00a0 Dieses Schloss ist eines der eindrucksvollsten Renaissance-Schl\u00f6sser des Rheinlands und mit dem zugeh\u00f6rigen Park in der Adventszeit f\u00fcr die Besucher zug\u00e4nglich. Der Weihnachtsmarkt kostet allerdings Eintritt.<\/p>\n<p><img loading=\"lazy\" decoding=\"async\" class=\"alignnone size-medium wp-image-1679\" src=\"https:\/\/awo-koenigswinter.de\/wp-content\/uploads\/2026\/01\/Weihnachtsfahrt-Schloss-Merode-300x189.jpg\" alt=\"\" width=\"300\" height=\"189\" srcset=\"https:\/\/awo-koenigswinter.de\/wp-content\/uploads\/2026\/01\/Weihnachtsfahrt-Schloss-Merode-300x189.jpg 300w, https:\/\/awo-koenigswinter.de\/wp-content\/uploads\/2026\/01\/Weihnachtsfahrt-Schloss-Merode-1024x644.jpg 1024w, https:\/\/awo-koenigswinter.de\/wp-content\/uploads\/2026\/01\/Weihnachtsfahrt-Schloss-Merode-768x483.jpg 768w, https:\/\/awo-koenigswinter.de\/wp-content\/uploads\/2026\/01\/Weihnachtsfahrt-Schloss-Merode-1536x966.jpg 1536w, https:\/\/awo-koenigswinter.de\/wp-content\/uploads\/2026\/01\/Weihnachtsfahrt-Schloss-Merode-2048x1287.jpg 2048w\" sizes=\"auto, (max-width: 300px) 100vw, 300px\" \/><\/p>\n<p><strong>Anmeldungen f\u00fcr die Tagesfahrten gehen an Lisa Marquart, Telefon 02224-9696629 oder<br \/>\nelisa.marquart@googlemail.com.<\/strong><\/p>\n<p>&nbsp;<\/p>\n<p><strong>WOCHENFAHRT<\/strong><\/p>\n<p><strong>Vom 12. bis 17. Juli 2026 ist der Kaiserstuhl das Ziel.<\/strong><\/p>\n<p><img loading=\"lazy\" decoding=\"async\" class=\"alignnone size-medium wp-image-1680\" src=\"https:\/\/awo-koenigswinter.de\/wp-content\/uploads\/2026\/01\/Wochenfahrt-Blick_auf_Endingen-300x169.jpg\" alt=\"\" width=\"300\" height=\"169\" srcset=\"https:\/\/awo-koenigswinter.de\/wp-content\/uploads\/2026\/01\/Wochenfahrt-Blick_auf_Endingen-300x169.jpg 300w, https:\/\/awo-koenigswinter.de\/wp-content\/uploads\/2026\/01\/Wochenfahrt-Blick_auf_Endingen.jpg 640w\" sizes=\"auto, (max-width: 300px) 100vw, 300px\" \/> <img loading=\"lazy\" decoding=\"async\" class=\"alignnone size-medium wp-image-1681\" src=\"https:\/\/awo-koenigswinter.de\/wp-content\/uploads\/2026\/01\/Wochenfahrt-colmar_sehenswuerdigkeiten-300x142.jpg\" alt=\"\" width=\"300\" height=\"142\" srcset=\"https:\/\/awo-koenigswinter.de\/wp-content\/uploads\/2026\/01\/Wochenfahrt-colmar_sehenswuerdigkeiten-300x142.jpg 300w, https:\/\/awo-koenigswinter.de\/wp-content\/uploads\/2026\/01\/Wochenfahrt-colmar_sehenswuerdigkeiten-1024x485.jpg 1024w, https:\/\/awo-koenigswinter.de\/wp-content\/uploads\/2026\/01\/Wochenfahrt-colmar_sehenswuerdigkeiten-768x364.jpg 768w, https:\/\/awo-koenigswinter.de\/wp-content\/uploads\/2026\/01\/Wochenfahrt-colmar_sehenswuerdigkeiten.jpg 1200w\" sizes=\"auto, (max-width: 300px) 100vw, 300px\" \/><\/p>\n<p>Wir wohnen im \u201eHotel Pfauen\u201c in Endingen am Kaiserstuhl, der angesichts seines mediterranen Klimas f\u00fcr feine Weine bekannt ist. Das Hotel mit seinen modernen Zimmern ist zentral unmittelbar am Tor zur historischen Altstadt gelegen.<\/p>\n<p>Tagesausfl\u00fcge gehen nach Freiburg, in die franz\u00f6sische mittelalterliche Stadt Colmar mit seinen verwunschenen Fachwerkh\u00e4usern aus dem fr\u00fchen 16. Jahrhundert. Wir besuchen au\u00dferdem den sch\u00f6nsten Aussichtsberg im Schwarzwald, den Belchen mit seinen 1.414 m H\u00f6he. Nat\u00fcrlich d\u00fcrfen Spazierg\u00e4nge durch die Weinberge und eine Weinverkostung nicht fehlen.<\/p>\n<p>Der Reisepreis betr\u00e4gt 690 \u20ac f\u00fcr die Hin- und R\u00fcckfahrt im modernen Reisebus, Halbpension und die Kosten f\u00fcr die Tagesausfl\u00fcge.<\/p>\n<p>Nicht enthalten sind Kurtaxe, Getr\u00e4nke und Trinkgelder.<\/p>\n<p>Der Zuschlag f\u00fcr ein Einzelzimmer betr\u00e4gt 19 \u20ac pro Tag.<\/p>\n<p>Wer kein Mitglied der AWO ist, bezahlt 10 \u20ac pro Person und Tag mehr.<\/p>\n<p><strong>Anmeldungen bei Ulrike Ries, Telefon 02223 298360 oder <a href=\"mailto:ulrikeries@yahoo.de\">ulrikeries@yahoo.de<\/a><br \/>\n<\/strong><strong>oder <a href=\"mailto:mail@awo-koenigswinter.de\">mail@awo-koenigswinter.de<\/a>.<\/strong><\/p>\n<p><strong>Reisekonto der AWO: IBAN DE96 3705 0299 0017 0113 21<\/strong><\/p>\n<p>Die Abfahrten bei den Tagesfahrten werden individuell mitgeteilt<\/p>\n<p>Der Bus f\u00e4hrt folgende Haltepunkte an:<\/p>\n<p>Bahnhof K\u00f6nigswinter<br \/>\nAZK<br \/>\nF\u00e4hre Niederdollendorf<br \/>\nBushaltestelle Dollendorf auf der Heisterbacher Stra\u00dfe<br \/>\nBushaltestelle gegen\u00fcber von Haus Schlesien in Heisterbacherrott<br \/>\nThomasberg Tankstelle<br \/>\nIttenbach Busbahnhof<\/p>\n<p>Die Abfahrt bei der Mehrtagesfahrt werden mit dem Versand des detaillierten Programms mitgeteilt.<\/p>\n<p><strong>______________________________________________________________________________________________________________________________________<\/strong><\/p>\n<p>Wichtige Informationen zu den Fahrten und Reisen<\/p>\n<p>Die Reisegelder m\u00fcssen vor Reiseantritt \u00fcberwiesen werden. Nur im Ausnahmefall kann im Bus bezahlt werden.<\/p>\n<p>Ein kostenfreier R\u00fccktritt von einer Reise ist 14 Tage vor einem Tagesausflug und vier Wochen vor einer Wochenreise m\u00f6glich. Wird die Reise kurzfristig storniert, fallen bei Tagesausfl\u00fcgen 10 \u20ac an. Bei einer Wochenreise m\u00fcssen die personenbezogenen Kosten und der Mietanteil f\u00fcr den Bus bezahlt werden. Falls das Hotelzimmer nicht anderweitig belegt werden kann, sind leider auch die Kosten f\u00fcr das Hotel f\u00e4llig. Die Fristen f\u00fcr die Stornierung richten sich nach den Bedingungen des Hotels. F\u00fcr diese Regelung bitten wir um Verst\u00e4ndnis.<\/p>\n<p>Reisekonto der AWO K\u00f6nigswinter<\/p>\n<p><strong>IBAN: DE 96 3705 029900 170011 321<\/strong><\/p>\n<p>&nbsp;<\/p>\n","protected":false},"excerpt":{"rendered":"<p>&nbsp; \u00a0Tapetenwechsel gegen Einsamkeit Wer sich einsam f\u00fchlt und neue soziale Kontakte sucht, kann das mit einem Tapetenwechsel verbinden. Zu kleinen Preisen bietet\u00a0 die Arbeiterwohlfahrt K\u00f6nigswinter ein reichhaltiges Programm an Tagesfahrten in diesem Jahr an. _____________________________________________________________________________________________________________________________________ Fahrten und Reisen der <span class=\"excerpt-dots\">&hellip;<\/span> <a class=\"more-link\" href=\"https:\/\/awo-koenigswinter.de\/?page_id=34\"><span class=\"more-msg\">Weiterlesen &rarr;<\/span><\/a><\/p>\n","protected":false},"author":1,"featured_media":0,"parent":0,"menu_order":5,"comment_status":"closed","ping_status":"closed","template":"","meta":{"footnotes":""},"class_list":["post-34","page","type-page","status-publish","hentry"],"_links":{"self":[{"href":"https:\/\/awo-koenigswinter.de\/index.php?rest_route=\/wp\/v2\/pages\/34","targetHints":{"allow":["GET"]}}],"collection":[{"href":"https:\/\/awo-koenigswinter.de\/index.php?rest_route=\/wp\/v2\/pages"}],"about":[{"href":"https:\/\/awo-koenigswinter.de\/index.php?rest_route=\/wp\/v2\/types\/page"}],"author":[{"embeddable":true,"href":"https:\/\/awo-koenigswinter.de\/index.php?rest_route=\/wp\/v2\/users\/1"}],"replies":[{"embeddable":true,"href":"https:\/\/awo-koenigswinter.de\/index.php?rest_route=%2Fwp%2Fv2%2Fcomments&post=34"}],"version-history":[{"count":40,"href":"https:\/\/awo-koenigswinter.de\/index.php?rest_route=\/wp\/v2\/pages\/34\/revisions"}],"predecessor-version":[{"id":1684,"href":"https:\/\/awo-koenigswinter.de\/index.php?rest_route=\/wp\/v2\/pages\/34\/revisions\/1684"}],"wp:attachment":[{"href":"https:\/\/awo-koenigswinter.de\/index.php?rest_route=%2Fwp%2Fv2%2Fmedia&parent=34"}],"curies":[{"name":"wp","href":"https:\/\/api.w.org\/{rel}","templated":true}]}}