{"id":211,"date":"2016-08-22T12:42:46","date_gmt":"2016-08-22T12:42:46","guid":{"rendered":"http:\/\/awo-koenigswinter.de\/?page_id=211"},"modified":"2026-04-20T09:35:31","modified_gmt":"2026-04-20T09:35:31","slug":"aktuelles","status":"publish","type":"page","link":"https:\/\/awo-koenigswinter.de\/?page_id=211","title":{"rendered":"Aktuelles"},"content":{"rendered":"<div dir=\"ltr\" data-setdir=\"false\">\n<div dir=\"ltr\" data-setdir=\"false\"><b data-olk-copy-source=\"MessageBody\">Kunstausstellung &#8222;Klangfarben&#8220; am 1. Mai im AWO-Treff<\/b><\/div>\n<div dir=\"ltr\" data-setdir=\"false\"><\/div>\n<div dir=\"ltr\" data-setdir=\"false\">Am 1. Mai um 14 Uhr findet die Vernissage einer neuen Kunstausstellung statt, die im AWO-Treff zu sehen ist. Sieben Pastellmalerinnen, die einmal im Monat gemeinsam im Oberdollendorfer Werkhaus von Barbara Baltes malen, zeigen ihre Bilder. Au\u00dfer Barbara Baltes selbst stellen Karin Giese, Bianca Malguth, Ulrike Ries, Sabine Singhof, Sigrid Schmitz und Anna Willkomm aus.<\/div>\n<div dir=\"ltr\" data-setdir=\"false\">Die Ausstellung ist dienstags und donnerstags von 14 bis 18 Uhr und nach Vereinbarung zu sehen.<\/div>\n<div dir=\"ltr\" data-setdir=\"false\">.<\/div>\n<\/div>\n<div dir=\"ltr\" data-setdir=\"false\"><img loading=\"lazy\" decoding=\"async\" class=\"alignnone wp-image-1724 size-large\" src=\"https:\/\/awo-koenigswinter.de\/wp-content\/uploads\/2026\/04\/Klangfarben-722x1024.jpg\" alt=\"\" width=\"722\" height=\"1024\" srcset=\"https:\/\/awo-koenigswinter.de\/wp-content\/uploads\/2026\/04\/Klangfarben-722x1024.jpg 722w, https:\/\/awo-koenigswinter.de\/wp-content\/uploads\/2026\/04\/Klangfarben-212x300.jpg 212w, https:\/\/awo-koenigswinter.de\/wp-content\/uploads\/2026\/04\/Klangfarben-768x1089.jpg 768w, https:\/\/awo-koenigswinter.de\/wp-content\/uploads\/2026\/04\/Klangfarben.jpg 1024w\" sizes=\"auto, (max-width: 722px) 100vw, 722px\" \/><\/div>\n<div dir=\"ltr\" data-setdir=\"false\">\n<div dir=\"ltr\" data-setdir=\"false\">____________________________________________________________________________________________________________________________________<\/div>\n<div dir=\"ltr\" data-setdir=\"false\">\n<div dir=\"ltr\" data-setdir=\"false\"><\/div>\n<div dir=\"ltr\" data-setdir=\"false\"><b data-olk-copy-source=\"MessageBody\">Wanderung durch die Kasseler Heide<\/b><\/div>\n<div dir=\"ltr\" data-setdir=\"false\">\n<div dir=\"ltr\" data-setdir=\"false\" data-olk-copy-source=\"MessageBody\"><\/div>\n<div dir=\"ltr\" data-setdir=\"false\">Zur Kasseler Heide wanderte die Wander- und Freizeitgruppe der AWO K\u00f6nigswinter bei strahlendem Sonnenschein am 16. April. Es ging von Vinxel \u00fcber das Gut Frankenforst und das Lauterbachtal zum Haus Schlesien in Heisterbacherrott.<\/div>\n<div dir=\"ltr\" data-setdir=\"false\">Dort klang die Wanderung bei Kaffee und Kuchen in fr\u00f6hlicher Runde aus.<\/div>\n<div dir=\"ltr\" data-setdir=\"false\">.<\/div>\n<div dir=\"ltr\" data-setdir=\"false\"><img loading=\"lazy\" decoding=\"async\" class=\"alignnone size-medium wp-image-1722\" src=\"https:\/\/awo-koenigswinter.de\/wp-content\/uploads\/2026\/04\/Wandertag-Kasseler-Heide-300x221.jpg\" alt=\"\" width=\"300\" height=\"221\" srcset=\"https:\/\/awo-koenigswinter.de\/wp-content\/uploads\/2026\/04\/Wandertag-Kasseler-Heide-300x221.jpg 300w, https:\/\/awo-koenigswinter.de\/wp-content\/uploads\/2026\/04\/Wandertag-Kasseler-Heide-1024x754.jpg 1024w, https:\/\/awo-koenigswinter.de\/wp-content\/uploads\/2026\/04\/Wandertag-Kasseler-Heide-768x566.jpg 768w, https:\/\/awo-koenigswinter.de\/wp-content\/uploads\/2026\/04\/Wandertag-Kasseler-Heide-1536x1132.jpg 1536w, https:\/\/awo-koenigswinter.de\/wp-content\/uploads\/2026\/04\/Wandertag-Kasseler-Heide-2048x1509.jpg 2048w\" sizes=\"auto, (max-width: 300px) 100vw, 300px\" \/><\/div>\n<\/div>\n<\/div>\n<\/div>\n<div dir=\"ltr\" data-setdir=\"false\"><\/div>\n<div dir=\"ltr\" data-setdir=\"false\">\n<div dir=\"ltr\" data-setdir=\"false\">\n<div dir=\"ltr\" data-setdir=\"false\">____________________________________________________________________________________________________________________________________<\/div>\n<div dir=\"ltr\" data-setdir=\"false\"><\/div>\n<\/div>\n<div dir=\"ltr\" data-setdir=\"false\"><b data-olk-copy-source=\"MessageBody\">Seltene Kunstwerke entdeckt<\/b><\/div>\n<div><\/div>\n<div>Bei strahlendem Sonnenschein ging der Ausflug der AWO am 1. April mit 33 Teilnehmern per Bus nach K\u00f6ln: Motto &#8222;KKK&#8220;:\u00a0 Kirche, Kunst K\u00f6lsch. Die erste Station war die romanische Basilika St. Aposteln mit einer kurzweiligen F\u00fchrung durch Franz-Joachim Th\u00fcr.\u00a0Im Museum Schn\u00fctgen, in der romanischen Kirche St. C\u00e4cilia, konnte ein Teil der kostbaren Sammlung mittelalterlicher Kunstwerke im Rahmen einer sehr interessanten F\u00fchrung bewundert werden. Das Spektrum der Ausstellung reicht von Holz- und Steinskulpturen \u00fcber kostbare Goldschmiedekunst und Glasmalerei bis zu seltenen Elfenbeinschnitzereien und Textilien. Highlight ist im Moment eine prachtvolle Handschrift aus der Zeit um 1300.<\/div>\n<div>Ihren Abschluss fand die Fahrt fr\u00f6hlich und gesellig in der traditionellen Brauereigastst\u00e4tte, \u201eBei d`r Tant\u201c.<\/div>\n<div>.<\/div>\n<div><\/div>\n<\/div>\n<div dir=\"ltr\" data-setdir=\"false\"><\/div>\n<div dir=\"ltr\" data-setdir=\"false\"><img loading=\"lazy\" decoding=\"async\" class=\"alignnone size-medium wp-image-1716\" src=\"https:\/\/awo-koenigswinter.de\/wp-content\/uploads\/2026\/04\/Fahrt-nach-Koeln-300x225.jpg\" alt=\"\" width=\"300\" height=\"225\" srcset=\"https:\/\/awo-koenigswinter.de\/wp-content\/uploads\/2026\/04\/Fahrt-nach-Koeln-300x225.jpg 300w, https:\/\/awo-koenigswinter.de\/wp-content\/uploads\/2026\/04\/Fahrt-nach-Koeln-1024x768.jpg 1024w, https:\/\/awo-koenigswinter.de\/wp-content\/uploads\/2026\/04\/Fahrt-nach-Koeln-768x576.jpg 768w, https:\/\/awo-koenigswinter.de\/wp-content\/uploads\/2026\/04\/Fahrt-nach-Koeln-1536x1152.jpg 1536w, https:\/\/awo-koenigswinter.de\/wp-content\/uploads\/2026\/04\/Fahrt-nach-Koeln.jpg 1600w\" sizes=\"auto, (max-width: 300px) 100vw, 300px\" \/> <img loading=\"lazy\" decoding=\"async\" class=\"alignnone size-medium wp-image-1717\" src=\"https:\/\/awo-koenigswinter.de\/wp-content\/uploads\/2026\/04\/Museum-Schnuettgen-1-225x300.jpg\" alt=\"\" width=\"225\" height=\"300\" srcset=\"https:\/\/awo-koenigswinter.de\/wp-content\/uploads\/2026\/04\/Museum-Schnuettgen-1-225x300.jpg 225w, https:\/\/awo-koenigswinter.de\/wp-content\/uploads\/2026\/04\/Museum-Schnuettgen-1-768x1024.jpg 768w, https:\/\/awo-koenigswinter.de\/wp-content\/uploads\/2026\/04\/Museum-Schnuettgen-1-1152x1536.jpg 1152w, https:\/\/awo-koenigswinter.de\/wp-content\/uploads\/2026\/04\/Museum-Schnuettgen-1-1536x2048.jpg 1536w, https:\/\/awo-koenigswinter.de\/wp-content\/uploads\/2026\/04\/Museum-Schnuettgen-1-scaled.jpg 1920w\" sizes=\"auto, (max-width: 225px) 100vw, 225px\" \/> <img loading=\"lazy\" decoding=\"async\" class=\"alignnone size-medium wp-image-1718\" src=\"https:\/\/awo-koenigswinter.de\/wp-content\/uploads\/2026\/04\/Museum-Schnuettgen-2-225x300.jpg\" alt=\"\" width=\"225\" height=\"300\" srcset=\"https:\/\/awo-koenigswinter.de\/wp-content\/uploads\/2026\/04\/Museum-Schnuettgen-2-225x300.jpg 225w, https:\/\/awo-koenigswinter.de\/wp-content\/uploads\/2026\/04\/Museum-Schnuettgen-2-768x1024.jpg 768w, https:\/\/awo-koenigswinter.de\/wp-content\/uploads\/2026\/04\/Museum-Schnuettgen-2-1152x1536.jpg 1152w, https:\/\/awo-koenigswinter.de\/wp-content\/uploads\/2026\/04\/Museum-Schnuettgen-2-1536x2048.jpg 1536w, https:\/\/awo-koenigswinter.de\/wp-content\/uploads\/2026\/04\/Museum-Schnuettgen-2-scaled.jpg 1920w\" sizes=\"auto, (max-width: 225px) 100vw, 225px\" \/> <img loading=\"lazy\" decoding=\"async\" class=\"alignnone size-medium wp-image-1719\" src=\"https:\/\/awo-koenigswinter.de\/wp-content\/uploads\/2026\/04\/Museum-Schnuettgen-3-225x300.jpg\" alt=\"\" width=\"225\" height=\"300\" srcset=\"https:\/\/awo-koenigswinter.de\/wp-content\/uploads\/2026\/04\/Museum-Schnuettgen-3-225x300.jpg 225w, https:\/\/awo-koenigswinter.de\/wp-content\/uploads\/2026\/04\/Museum-Schnuettgen-3-768x1024.jpg 768w, https:\/\/awo-koenigswinter.de\/wp-content\/uploads\/2026\/04\/Museum-Schnuettgen-3-1152x1536.jpg 1152w, https:\/\/awo-koenigswinter.de\/wp-content\/uploads\/2026\/04\/Museum-Schnuettgen-3-1536x2048.jpg 1536w, https:\/\/awo-koenigswinter.de\/wp-content\/uploads\/2026\/04\/Museum-Schnuettgen-3-scaled.jpg 1920w\" sizes=\"auto, (max-width: 225px) 100vw, 225px\" \/><\/div>\n<div dir=\"ltr\" data-setdir=\"false\">____________________________________________________________________________________________________________________________________<\/div>\n<div dir=\"ltr\" data-setdir=\"false\"><\/div>\n<div dir=\"ltr\" data-setdir=\"false\" data-olk-copy-source=\"MessageBody\">\n<div dir=\"ltr\" data-setdir=\"false\">\n<p><strong>Park H\u00e4rle neu entdeckt<\/strong><\/p>\n<p>F\u00fcr viele war der Park H\u00e4rle, obwohl er \u201eum die Ecke\u201c in Oberkassel liegt, eine neue Entdeckung. Die Wander- und Freizeitgruppe der AWO machte es m\u00f6glich. Am 5. M\u00e4rz ging es mit der Stra\u00dfenbahn in dieses Kleinod des Naturschutzes, f\u00fcr 30 Besucherinnen und Besucher bei strahlender Sonne ein perfekter Tag.<\/p>\n<p>Auch wenn die Schneegl\u00f6ckchen-Wiese, das Vorzeigeprojekt des Parkes mit rund 400 Sorten, nur noch einzelne Bl\u00fcten aufwies, war der Park voller Bl\u00fchpflanzen. So war der \u201egelbe Weg\u201c von lauter gelben Blumen und bl\u00fchenden Str\u00e4uchern umgeben. Das milde Klima der Bonner Bucht am Hang des Siebengebirges erm\u00f6glicht den Schutz seltener B\u00e4ume, Str\u00e4ucher und Blumen, auch wenn sie frostempfindlich sind. Seit \u00fcber 150 Jahren gibt es das Arboretum Park H\u00e4rle schon. Und seit mehr als 20 Jahren k\u00fcmmert sich Michael Dreisvogt als Chef des Parks um die Erhaltung der Pflanzen.<\/p>\n<p>Im Oktober letzten Jahren siedelte er Eidechsen an, die wegen ihrer Seltenheit den Ausbau der S 13 behinderten. \u201eAuf kurzem Dienstweg\u201c vereinbarte er mit der Deutschen Bahn den Bau einer Mauer f\u00fcr die Eidechsen, die sich am Sonnenh\u00fcgel des Parks so wohlf\u00fchlen, dass sie sich recht bald vermehren werden.<\/p>\n<p>Mit Leidenschaft, Witz und Humor lie\u00df Michael Dreisvogt die anderthalb Stunden dauernde F\u00fchrung kurzweilig, aber auch sehr lehrreich werden. Die AWO und die Teilnehmer:innen spendeten gro\u00dfz\u00fcgig. Anschlie\u00dfend lie\u00dfen sie das Gesehene und Geh\u00f6rte im Caf\u00e9 Breuer bei leckerer Torte Revue passieren.<\/p>\n<p>Wer in Zukunft gern dabei sein m\u00f6chte, meldet sich bei Ulrike Ries, Telefon 02223 298360.<\/p>\n<\/div>\n<div dir=\"ltr\" data-setdir=\"false\">\n<p><img loading=\"lazy\" decoding=\"async\" class=\"size-medium wp-image-1699 alignnone\" src=\"https:\/\/awo-koenigswinter.de\/wp-content\/uploads\/2026\/03\/2026-Haerle-Park-1-300x200.jpg\" alt=\"\" width=\"300\" height=\"200\" srcset=\"https:\/\/awo-koenigswinter.de\/wp-content\/uploads\/2026\/03\/2026-Haerle-Park-1-300x200.jpg 300w, https:\/\/awo-koenigswinter.de\/wp-content\/uploads\/2026\/03\/2026-Haerle-Park-1-1024x683.jpg 1024w, https:\/\/awo-koenigswinter.de\/wp-content\/uploads\/2026\/03\/2026-Haerle-Park-1-768x512.jpg 768w, https:\/\/awo-koenigswinter.de\/wp-content\/uploads\/2026\/03\/2026-Haerle-Park-1-1536x1024.jpg 1536w, https:\/\/awo-koenigswinter.de\/wp-content\/uploads\/2026\/03\/2026-Haerle-Park-1-2048x1365.jpg 2048w\" sizes=\"auto, (max-width: 300px) 100vw, 300px\" \/>&#8230;<img loading=\"lazy\" decoding=\"async\" class=\"alignnone size-medium wp-image-1701\" src=\"https:\/\/awo-koenigswinter.de\/wp-content\/uploads\/2026\/03\/2026-Haerle-Park-3-300x180.jpg\" alt=\"\" width=\"300\" height=\"180\" srcset=\"https:\/\/awo-koenigswinter.de\/wp-content\/uploads\/2026\/03\/2026-Haerle-Park-3-300x180.jpg 300w, https:\/\/awo-koenigswinter.de\/wp-content\/uploads\/2026\/03\/2026-Haerle-Park-3-1024x613.jpg 1024w, https:\/\/awo-koenigswinter.de\/wp-content\/uploads\/2026\/03\/2026-Haerle-Park-3-768x460.jpg 768w, https:\/\/awo-koenigswinter.de\/wp-content\/uploads\/2026\/03\/2026-Haerle-Park-3-1536x919.jpg 1536w, https:\/\/awo-koenigswinter.de\/wp-content\/uploads\/2026\/03\/2026-Haerle-Park-3-2048x1225.jpg 2048w\" sizes=\"auto, (max-width: 300px) 100vw, 300px\" \/>&#8230;<img loading=\"lazy\" decoding=\"async\" class=\"wp-image-1705 size-medium alignleft\" src=\"https:\/\/awo-koenigswinter.de\/wp-content\/uploads\/2026\/03\/2026-Haerle-Park-7-225x300.jpg\" alt=\"\" width=\"225\" height=\"300\" srcset=\"https:\/\/awo-koenigswinter.de\/wp-content\/uploads\/2026\/03\/2026-Haerle-Park-7-225x300.jpg 225w, https:\/\/awo-koenigswinter.de\/wp-content\/uploads\/2026\/03\/2026-Haerle-Park-7-768x1024.jpg 768w, https:\/\/awo-koenigswinter.de\/wp-content\/uploads\/2026\/03\/2026-Haerle-Park-7-1152x1536.jpg 1152w, https:\/\/awo-koenigswinter.de\/wp-content\/uploads\/2026\/03\/2026-Haerle-Park-7-1536x2048.jpg 1536w, https:\/\/awo-koenigswinter.de\/wp-content\/uploads\/2026\/03\/2026-Haerle-Park-7-scaled.jpg 1920w\" sizes=\"auto, (max-width: 225px) 100vw, 225px\" \/><img loading=\"lazy\" decoding=\"async\" class=\"wp-image-1700 alignleft\" src=\"https:\/\/awo-koenigswinter.de\/wp-content\/uploads\/2026\/03\/2026-Haerle-Park-2-226x300.jpg\" alt=\"\" width=\"153\" height=\"182\" \/><\/p>\n<\/div>\n<\/div>\n<div dir=\"ltr\" data-setdir=\"false\">\n<div dir=\"ltr\" data-setdir=\"false\">\n<div dir=\"ltr\" data-setdir=\"false\">\n<p>&nbsp;<\/p>\n<p><img loading=\"lazy\" decoding=\"async\" class=\"wp-image-1704 size-medium\" src=\"https:\/\/awo-koenigswinter.de\/wp-content\/uploads\/2026\/03\/2026-Haerle-Park-6-225x300.jpg\" alt=\"\" width=\"225\" height=\"300\" srcset=\"https:\/\/awo-koenigswinter.de\/wp-content\/uploads\/2026\/03\/2026-Haerle-Park-6-225x300.jpg 225w, https:\/\/awo-koenigswinter.de\/wp-content\/uploads\/2026\/03\/2026-Haerle-Park-6-768x1024.jpg 768w, https:\/\/awo-koenigswinter.de\/wp-content\/uploads\/2026\/03\/2026-Haerle-Park-6-1152x1536.jpg 1152w, https:\/\/awo-koenigswinter.de\/wp-content\/uploads\/2026\/03\/2026-Haerle-Park-6-1536x2048.jpg 1536w, https:\/\/awo-koenigswinter.de\/wp-content\/uploads\/2026\/03\/2026-Haerle-Park-6-scaled.jpg 1920w\" sizes=\"auto, (max-width: 225px) 100vw, 225px\" \/><\/p>\n<\/div>\n<div dir=\"ltr\" data-setdir=\"false\">Michael Dreisvogt<\/div>\n<div dir=\"ltr\" data-setdir=\"false\">\u00a0Fotos: Chris Harrass und Ulrike Ries<\/div>\n<div dir=\"ltr\" data-setdir=\"false\"><\/div>\n<div dir=\"ltr\" data-setdir=\"false\"><\/div>\n<div dir=\"ltr\" data-setdir=\"false\">____________________________________________________________________________________________________________________________________<\/div>\n<div dir=\"ltr\" data-setdir=\"false\"><\/div>\n<\/div>\n<div dir=\"ltr\" data-setdir=\"false\"><\/div>\n<div dir=\"ltr\" data-setdir=\"false\"><b data-olk-copy-source=\"MessageBody\">81 Jahre Politik erlebt<\/b><\/div>\n<div dir=\"ltr\" data-setdir=\"false\">Von 1945 bis heute reicht das Repertoire im umgebauten Haus der Geschichte, das die Wander- und Freizeitgruppe der AWO mit mehr als 20 G\u00e4sten am 19. Februar miterleben konnte. Eine F\u00fchrung bezog die f\u00fcnf Themenfelder, in die die Ausstellung unterteilt ist, ein. Anschaulich wurden die Nachkriegszeit und die Gr\u00fcndung der Bundesrepublik und der DDR gezeigt. Die Teilung Deutschlands war ein wichtiger Schwerpunkt der Ausstellung wie auch die Ostpolitik Willy Brandts und der Mauerfall am 9. November 1989. Die Besucher erhielten eine Kopie des ber\u00fchmten Zettels von G\u00fcnter Schabowski in der Pressekonferenz, in der er die Ausreise der DDR-B\u00fcrger:innen in den Westen &#8222;unverz\u00fcglich&#8220; erm\u00f6glichte.\u00a0In 90 Minuten konnte die F\u00fchrung lediglich einen groben \u00dcberblick bis zur Neuzeit vermitteln.\u00a0Deshalb ist es sinnvoll, die Ausstellung noch einmal individuell zu besuchen. Mit einem gem\u00fctlichen Kaffeeklatsch im Restaurant der Bundeskunsthalle klang ein gelungener Nachmittag aus.<\/div>\n<div dir=\"ltr\" data-setdir=\"false\">.<\/div>\n<div dir=\"ltr\" data-setdir=\"false\"><img loading=\"lazy\" decoding=\"async\" class=\"alignnone size-medium wp-image-1694\" src=\"https:\/\/awo-koenigswinter.de\/wp-content\/uploads\/2026\/02\/IMG_20260219_183330-300x235.jpg\" alt=\"\" width=\"300\" height=\"235\" srcset=\"https:\/\/awo-koenigswinter.de\/wp-content\/uploads\/2026\/02\/IMG_20260219_183330-300x235.jpg 300w, https:\/\/awo-koenigswinter.de\/wp-content\/uploads\/2026\/02\/IMG_20260219_183330-1024x804.jpg 1024w, https:\/\/awo-koenigswinter.de\/wp-content\/uploads\/2026\/02\/IMG_20260219_183330-768x603.jpg 768w, https:\/\/awo-koenigswinter.de\/wp-content\/uploads\/2026\/02\/IMG_20260219_183330-1536x1206.jpg 1536w, https:\/\/awo-koenigswinter.de\/wp-content\/uploads\/2026\/02\/IMG_20260219_183330-2048x1607.jpg 2048w\" sizes=\"auto, (max-width: 300px) 100vw, 300px\" \/> <img loading=\"lazy\" decoding=\"async\" class=\"alignnone wp-image-1695\" src=\"https:\/\/awo-koenigswinter.de\/wp-content\/uploads\/2026\/02\/2026-Haus-der-Geschichte-1-300x225.jpg\" alt=\"\" width=\"311\" height=\"238\" \/><\/div>\n<div dir=\"ltr\" data-setdir=\"false\"><\/div>\n<\/div>\n<div dir=\"ltr\" data-setdir=\"false\">____________________________________________________________________________________________________________________________________<\/div>\n<div dir=\"ltr\" data-setdir=\"false\"><\/div>\n<p><img loading=\"lazy\" decoding=\"async\" class=\"alignnone wp-image-1163 size-full\" src=\"https:\/\/awo-koenigswinter.de\/wp-content\/uploads\/2023\/01\/AWO-Karneval.png\" alt=\"\" width=\"1428\" height=\"361\" srcset=\"https:\/\/awo-koenigswinter.de\/wp-content\/uploads\/2023\/01\/AWO-Karneval.png 1428w, https:\/\/awo-koenigswinter.de\/wp-content\/uploads\/2023\/01\/AWO-Karneval-300x76.png 300w, https:\/\/awo-koenigswinter.de\/wp-content\/uploads\/2023\/01\/AWO-Karneval-1024x259.png 1024w, https:\/\/awo-koenigswinter.de\/wp-content\/uploads\/2023\/01\/AWO-Karneval-768x194.png 768w\" sizes=\"auto, (max-width: 1428px) 100vw, 1428px\" \/><\/p>\n<div dir=\"ltr\" data-setdir=\"false\"><b data-olk-copy-source=\"MessageBody\">Gelungene Karnevalsparty der AWO<\/b><\/div>\n<div dir=\"ltr\" data-setdir=\"false\"><b>\u00a0<\/b><\/div>\n<div dir=\"ltr\" data-setdir=\"false\">Wie in jedem Jahr hie\u00df es Rosenmontag wieder &#8222;AWO alaaf&#8220;. Ab 13 Uhr wurde gefeiert. Die Frikadellchen und die Berliner schmeckten und die Stimmung war trotz des Regens gut und es wurden munter die Karnevalslieder rauf- und runtergeschmettert.\u00a0Manche kamen auch nur vom Zug zum Aufw\u00e4rmen.\u00a0Es hat jedenfalls viel Spa\u00df gemacht.<\/div>\n<div dir=\"ltr\" data-setdir=\"false\">\n<p><img loading=\"lazy\" decoding=\"async\" class=\"wp-image-1688 size-medium alignleft\" src=\"https:\/\/awo-koenigswinter.de\/wp-content\/uploads\/2026\/02\/Rosenmontag-1-300x225.jpg\" alt=\"\" width=\"300\" height=\"225\" srcset=\"https:\/\/awo-koenigswinter.de\/wp-content\/uploads\/2026\/02\/Rosenmontag-1-300x225.jpg 300w, https:\/\/awo-koenigswinter.de\/wp-content\/uploads\/2026\/02\/Rosenmontag-1-1024x768.jpg 1024w, https:\/\/awo-koenigswinter.de\/wp-content\/uploads\/2026\/02\/Rosenmontag-1-768x576.jpg 768w, https:\/\/awo-koenigswinter.de\/wp-content\/uploads\/2026\/02\/Rosenmontag-1-1536x1152.jpg 1536w, https:\/\/awo-koenigswinter.de\/wp-content\/uploads\/2026\/02\/Rosenmontag-1-2048x1536.jpg 2048w\" sizes=\"auto, (max-width: 300px) 100vw, 300px\" \/><\/p>\n<p><img loading=\"lazy\" decoding=\"async\" class=\"wp-image-1689 size-medium alignnone\" src=\"https:\/\/awo-koenigswinter.de\/wp-content\/uploads\/2026\/02\/Rosenmontag-2-300x225.jpg\" alt=\"\" width=\"300\" height=\"225\" srcset=\"https:\/\/awo-koenigswinter.de\/wp-content\/uploads\/2026\/02\/Rosenmontag-2-300x225.jpg 300w, https:\/\/awo-koenigswinter.de\/wp-content\/uploads\/2026\/02\/Rosenmontag-2-1024x768.jpg 1024w, https:\/\/awo-koenigswinter.de\/wp-content\/uploads\/2026\/02\/Rosenmontag-2-768x576.jpg 768w, https:\/\/awo-koenigswinter.de\/wp-content\/uploads\/2026\/02\/Rosenmontag-2-1536x1152.jpg 1536w, https:\/\/awo-koenigswinter.de\/wp-content\/uploads\/2026\/02\/Rosenmontag-2-2048x1536.jpg 2048w\" sizes=\"auto, (max-width: 300px) 100vw, 300px\" \/>\u00a0 \u00a0\u00a0<img loading=\"lazy\" decoding=\"async\" class=\"wp-image-1690 size-medium alignnone\" src=\"https:\/\/awo-koenigswinter.de\/wp-content\/uploads\/2026\/02\/Rosenmontag-3-300x225.jpg\" alt=\"\" width=\"300\" height=\"225\" srcset=\"https:\/\/awo-koenigswinter.de\/wp-content\/uploads\/2026\/02\/Rosenmontag-3-300x225.jpg 300w, https:\/\/awo-koenigswinter.de\/wp-content\/uploads\/2026\/02\/Rosenmontag-3-1024x768.jpg 1024w, https:\/\/awo-koenigswinter.de\/wp-content\/uploads\/2026\/02\/Rosenmontag-3-768x576.jpg 768w, https:\/\/awo-koenigswinter.de\/wp-content\/uploads\/2026\/02\/Rosenmontag-3-1536x1152.jpg 1536w, https:\/\/awo-koenigswinter.de\/wp-content\/uploads\/2026\/02\/Rosenmontag-3-2048x1536.jpg 2048w\" sizes=\"auto, (max-width: 300px) 100vw, 300px\" \/><\/p>\n<\/div>\n<p>&nbsp;<\/p>\n<hr \/>\n<div dir=\"ltr\" data-setdir=\"false\"><\/div>\n<p><img loading=\"lazy\" decoding=\"async\" class=\"alignnone wp-image-1672\" src=\"https:\/\/awo-koenigswinter.de\/wp-content\/uploads\/2026\/01\/awo-programm-2026-12012026-web1.jpg\" alt=\"\" width=\"1428\" height=\"3315\" srcset=\"https:\/\/awo-koenigswinter.de\/wp-content\/uploads\/2026\/01\/awo-programm-2026-12012026-web1.jpg 601w, https:\/\/awo-koenigswinter.de\/wp-content\/uploads\/2026\/01\/awo-programm-2026-12012026-web1-129x300.jpg 129w, https:\/\/awo-koenigswinter.de\/wp-content\/uploads\/2026\/01\/awo-programm-2026-12012026-web1-441x1024.jpg 441w\" sizes=\"auto, (max-width: 1428px) 100vw, 1428px\" \/><\/p>\n<p>____________________________________________________________________________________________________________________________________<\/p>\n<div><\/div>\n<div dir=\"ltr\" data-setdir=\"false\"><b data-olk-copy-source=\"MessageBody\">Winterschlussverkauf im AWO-Laden<\/b><\/div>\n<div dir=\"ltr\" data-setdir=\"false\"><\/div>\n<div dir=\"ltr\" data-setdir=\"false\">An diesen kalten Tagen ist man auf warme Wintersachen angewiesen. Besonders preiswert sind Pullover, Jacken und M\u00e4ngel im AWO-Laden in Niederdollendorf, Hauptstra\u00dfe 109. Und von diesen Minipreisen gibt es einen Rabatt von 50 Prozent im Winterschlussverkauf. Es sind moderne, schicke St\u00fccke dabei. Es lohnt sich, vorbeizukommen.<\/div>\n<div dir=\"ltr\" data-setdir=\"false\"><\/div>\n<div dir=\"ltr\" data-setdir=\"false\">____________________________________________________________________________________________________________________________________<\/div>\n<div dir=\"ltr\" data-setdir=\"false\">.<\/div>\n<div dir=\"ltr\" data-setdir=\"false\">\n<div dir=\"ltr\" data-setdir=\"false\"><b data-olk-copy-source=\"MessageBody\">Neujahrsempfang: ehrenamtlich Aktive gew\u00fcrdigt<\/b><\/div>\n<div dir=\"ltr\" data-setdir=\"false\"><b>\u00a0<\/b><\/div>\n<div dir=\"ltr\" data-setdir=\"false\">Mehr als 25 ehrenamtlich Aktive sind f\u00fcr die Organisation der vielf\u00e4ltigen Angebote der AWO K\u00f6nigswinter verantwortlich. An einem Tag im Jahr gibt es f\u00fcr dieses regelm\u00e4\u00dfige Engagement ein Dankesch\u00f6n. Mit einem Neujahrsempfang dankte die AWO am 18. Januar mit einem reichhaltigen Buffet. AWO-Vorsitzende Ulrike Ries wies darauf hin, dass es in Zeiten, in denen die bisherigen Leistungen im Sozial- und Gesundheitssystem in Frage stehen und mehr Gefl\u00fcchtete als bisher von Abschiebung bedroht sind, besonders wichtig sei, starke Wohlfahrtsverb\u00e4nde zu haben. W\u00f6rtlich: &#8222;Wir brauchen noch mehr aktive Menschen, die bereit sind, einen Teil ihrer Freizeit der Hilfe f\u00fcr sozial Benachteiligte zur Verf\u00fcgung zu stellen.&#8220;<\/div>\n<div dir=\"ltr\" data-setdir=\"false\">Der Vorstand habe es sich zur Aufgabe gemacht, vor allem j\u00fcngere engagierte Mitglieder zu gewinnen.<\/div>\n<\/div>\n<div dir=\"ltr\" data-setdir=\"false\"><\/div>\n<div dir=\"ltr\" data-setdir=\"false\">\n<p><img loading=\"lazy\" decoding=\"async\" class=\"alignnone wp-image-1669 size-medium\" src=\"https:\/\/awo-koenigswinter.de\/wp-content\/uploads\/2026\/01\/Neujahrsempfang-2026-225x300.jpg\" alt=\"\" width=\"225\" height=\"300\" srcset=\"https:\/\/awo-koenigswinter.de\/wp-content\/uploads\/2026\/01\/Neujahrsempfang-2026-225x300.jpg 225w, https:\/\/awo-koenigswinter.de\/wp-content\/uploads\/2026\/01\/Neujahrsempfang-2026-768x1024.jpg 768w, https:\/\/awo-koenigswinter.de\/wp-content\/uploads\/2026\/01\/Neujahrsempfang-2026-1152x1536.jpg 1152w, https:\/\/awo-koenigswinter.de\/wp-content\/uploads\/2026\/01\/Neujahrsempfang-2026-1536x2048.jpg 1536w, https:\/\/awo-koenigswinter.de\/wp-content\/uploads\/2026\/01\/Neujahrsempfang-2026-scaled.jpg 1920w\" sizes=\"auto, (max-width: 225px) 100vw, 225px\" \/><\/p>\n<\/div>\n<div dir=\"ltr\" data-setdir=\"false\">____________________________________________________________________________________________________________________________________<\/div>\n<div dir=\"ltr\" data-setdir=\"false\">.<\/div>\n<div dir=\"ltr\" data-setdir=\"false\"><b>Museumsbesuche der Wander- und Freizeitgruppe der AWO\u00a0<\/b><\/div>\n<div dir=\"ltr\" data-setdir=\"false\"><b>\u00a0<\/b><\/div>\n<div dir=\"ltr\" data-setdir=\"false\">Das Werk und Leben des Bildhauers Ernemann Sander, der lange in Oberdollendorf gelebt hatte, lernte die Wander- und Freizeitgruppe am 15. Januar anl\u00e4sslich einer F\u00fchrung durch seine Ausstellung im Siebengebirgsmuseum kennen. Museumschefin Dr. Sigrid Lange gab den 23 G\u00e4sten einen eindrucksvollen Einblick in das Schaffen Sanders (s. Foto).<\/div>\n<div dir=\"ltr\" data-setdir=\"false\">Nach dem Besuch lie\u00df sich die Gruppe Kaffee und Kuchen im Wirtshaus am Rhein schmecken.<\/div>\n<div dir=\"ltr\" data-setdir=\"false\">.<\/div>\n<div dir=\"ltr\" data-setdir=\"false\">Am 19. Februar gibt es die Gelegenheit, das neu gestaltete Haus der Geschichte in Bonn mit einem gef\u00fchrten Rundgang kennenzulernen. Beginn der F\u00fchrung: 14.30 Uhr.\u00a0<strong>Anmeldungen bei Ulrike Ries, Telefon 02223- 298360.<\/strong><\/div>\n<div dir=\"ltr\" data-setdir=\"false\"><\/div>\n<p><img loading=\"lazy\" decoding=\"async\" class=\"alignnone wp-image-1667 size-medium\" src=\"https:\/\/awo-koenigswinter.de\/wp-content\/uploads\/2026\/01\/Museumsbesuch-Wandergruppe-2026-300x225.jpg\" alt=\"\" width=\"300\" height=\"225\" srcset=\"https:\/\/awo-koenigswinter.de\/wp-content\/uploads\/2026\/01\/Museumsbesuch-Wandergruppe-2026-300x225.jpg 300w, https:\/\/awo-koenigswinter.de\/wp-content\/uploads\/2026\/01\/Museumsbesuch-Wandergruppe-2026-1024x768.jpg 1024w, https:\/\/awo-koenigswinter.de\/wp-content\/uploads\/2026\/01\/Museumsbesuch-Wandergruppe-2026-768x576.jpg 768w, https:\/\/awo-koenigswinter.de\/wp-content\/uploads\/2026\/01\/Museumsbesuch-Wandergruppe-2026-1536x1152.jpg 1536w, https:\/\/awo-koenigswinter.de\/wp-content\/uploads\/2026\/01\/Museumsbesuch-Wandergruppe-2026-2048x1536.jpg 2048w\" sizes=\"auto, (max-width: 300px) 100vw, 300px\" \/><\/p>\n<p>____________________________________________________________________________________________________________________________________<\/p>\n<p>&nbsp;<\/p>\n<p><strong>Veranstaltungen:<\/strong><\/p>\n<p><a href=\"https:\/\/awo-koenigswinter.de\/?page_id=19\" target=\"_blank\" rel=\"noopener\">https:\/\/awo-koenigswinter.de\/?page_id=19<\/a><\/p>\n<p><strong>_____________________________________________________________________________________________________________________________________________<\/strong><\/p>\n<p>&nbsp;<\/p>\n<p>&nbsp;<\/p>\n<p>&nbsp;<\/p>\n<p>&nbsp;<\/p>\n","protected":false},"excerpt":{"rendered":"<p>Kunstausstellung &#8222;Klangfarben&#8220; am 1. Mai im AWO-Treff Am 1. Mai um 14 Uhr findet die Vernissage einer neuen Kunstausstellung statt, die im AWO-Treff zu sehen ist. Sieben Pastellmalerinnen, die einmal im Monat gemeinsam im Oberdollendorfer Werkhaus von Barbara Baltes malen, <span class=\"excerpt-dots\">&hellip;<\/span> <a class=\"more-link\" href=\"https:\/\/awo-koenigswinter.de\/?page_id=211\"><span class=\"more-msg\">Weiterlesen &rarr;<\/span><\/a><\/p>\n","protected":false},"author":1,"featured_media":0,"parent":0,"menu_order":0,"comment_status":"closed","ping_status":"closed","template":"","meta":{"footnotes":""},"class_list":["post-211","page","type-page","status-publish","hentry"],"_links":{"self":[{"href":"https:\/\/awo-koenigswinter.de\/index.php?rest_route=\/wp\/v2\/pages\/211","targetHints":{"allow":["GET"]}}],"collection":[{"href":"https:\/\/awo-koenigswinter.de\/index.php?rest_route=\/wp\/v2\/pages"}],"about":[{"href":"https:\/\/awo-koenigswinter.de\/index.php?rest_route=\/wp\/v2\/types\/page"}],"author":[{"embeddable":true,"href":"https:\/\/awo-koenigswinter.de\/index.php?rest_route=\/wp\/v2\/users\/1"}],"replies":[{"embeddable":true,"href":"https:\/\/awo-koenigswinter.de\/index.php?rest_route=%2Fwp%2Fv2%2Fcomments&post=211"}],"version-history":[{"count":331,"href":"https:\/\/awo-koenigswinter.de\/index.php?rest_route=\/wp\/v2\/pages\/211\/revisions"}],"predecessor-version":[{"id":1725,"href":"https:\/\/awo-koenigswinter.de\/index.php?rest_route=\/wp\/v2\/pages\/211\/revisions\/1725"}],"wp:attachment":[{"href":"https:\/\/awo-koenigswinter.de\/index.php?rest_route=%2Fwp%2Fv2%2Fmedia&parent=211"}],"curies":[{"name":"wp","href":"https:\/\/api.w.org\/{rel}","templated":true}]}}