{"id":1152,"date":"2023-01-10T12:24:22","date_gmt":"2023-01-10T12:24:22","guid":{"rendered":"https:\/\/awo-koenigswinter.de\/?page_id=1152"},"modified":"2024-05-01T11:39:03","modified_gmt":"2024-05-01T11:39:03","slug":"rueckblick-2023","status":"publish","type":"page","link":"https:\/\/awo-koenigswinter.de\/?page_id=1152","title":{"rendered":"R\u00fcckblick 2023"},"content":{"rendered":"<div dir=\"ltr\">\n<div dir=\"ltr\" data-setdir=\"false\">\n<div dir=\"ltr\" data-setdir=\"false\">\n<p><strong>Zauberei auf der Weihnachtsfeier<\/strong><\/p>\n<p>Mit &#8222;Lucas -dem Magier&#8220; erhielt die Weihnachtsfeier der AWO eine besondere Note. Verbl\u00fcffende Tricks hatte der 25-j\u00e4hrige Lucas Knipping auf Lager, der die rund 80 Anwesenden erfreute.<\/p>\n<p>Die AWO-Frauen hatten f\u00fcr ein reiches Kuchenb\u00fcffet gesorgt.<\/p>\n<p>Traditionelle Weihnachtslieder wurden wie in jedem Jahr gemeinsam gesungen. Aus dem rheinischen Liedgut, das weniger bekannt ist, trugen Ulrike &amp; Ernst vor.<\/p>\n<p>Au\u00dferdem wurden Maria Brix f\u00fcr ihre 10-j\u00e4hrige\u00a0 und Carole W\u00fcrtz f\u00fcr ihre 20-j\u00e4hrige Mitgliedschaft geehrt.<\/p>\n<p>Gern erinnerten sich die AWO-Mitglieder an die Veranstaltungen und Fahrten im abgelaufenen Jahr anhand einer fotografischen Dokumentation.<\/p>\n<p>AWO-Vorsitzende Hannelore Sander w\u00fcnschte allen eine fr\u00f6hliche Weihnachtszeit und ein gesundes neues Jahr.<\/p>\n<p><img loading=\"lazy\" decoding=\"async\" class=\"alignnone size-medium wp-image-1291\" src=\"https:\/\/awo-koenigswinter.de\/wp-content\/uploads\/2023\/12\/DSC0512.JPGWeihnachten23-300x191.jpg\" alt=\"\" width=\"300\" height=\"191\" srcset=\"https:\/\/awo-koenigswinter.de\/wp-content\/uploads\/2023\/12\/DSC0512.JPGWeihnachten23-300x191.jpg 300w, https:\/\/awo-koenigswinter.de\/wp-content\/uploads\/2023\/12\/DSC0512.JPGWeihnachten23-1024x651.jpg 1024w, https:\/\/awo-koenigswinter.de\/wp-content\/uploads\/2023\/12\/DSC0512.JPGWeihnachten23-768x488.jpg 768w, https:\/\/awo-koenigswinter.de\/wp-content\/uploads\/2023\/12\/DSC0512.JPGWeihnachten23-1536x976.jpg 1536w, https:\/\/awo-koenigswinter.de\/wp-content\/uploads\/2023\/12\/DSC0512.JPGWeihnachten23-2048x1302.jpg 2048w\" sizes=\"auto, (max-width: 300px) 100vw, 300px\" \/> <img loading=\"lazy\" decoding=\"async\" class=\"alignnone size-medium wp-image-1292\" src=\"https:\/\/awo-koenigswinter.de\/wp-content\/uploads\/2023\/12\/DSC0514.JPGWeihnachten23-300x199.jpg\" alt=\"\" width=\"300\" height=\"199\" srcset=\"https:\/\/awo-koenigswinter.de\/wp-content\/uploads\/2023\/12\/DSC0514.JPGWeihnachten23-300x199.jpg 300w, https:\/\/awo-koenigswinter.de\/wp-content\/uploads\/2023\/12\/DSC0514.JPGWeihnachten23-1024x678.jpg 1024w, https:\/\/awo-koenigswinter.de\/wp-content\/uploads\/2023\/12\/DSC0514.JPGWeihnachten23-768x509.jpg 768w, https:\/\/awo-koenigswinter.de\/wp-content\/uploads\/2023\/12\/DSC0514.JPGWeihnachten23-1536x1017.jpg 1536w, https:\/\/awo-koenigswinter.de\/wp-content\/uploads\/2023\/12\/DSC0514.JPGWeihnachten23-2048x1356.jpg 2048w\" sizes=\"auto, (max-width: 300px) 100vw, 300px\" \/> <img loading=\"lazy\" decoding=\"async\" class=\"alignnone size-medium wp-image-1293\" src=\"https:\/\/awo-koenigswinter.de\/wp-content\/uploads\/2023\/12\/DSC0517.JPGWeihnachten23-300x199.jpg\" alt=\"\" width=\"300\" height=\"199\" srcset=\"https:\/\/awo-koenigswinter.de\/wp-content\/uploads\/2023\/12\/DSC0517.JPGWeihnachten23-300x199.jpg 300w, https:\/\/awo-koenigswinter.de\/wp-content\/uploads\/2023\/12\/DSC0517.JPGWeihnachten23-1024x678.jpg 1024w, https:\/\/awo-koenigswinter.de\/wp-content\/uploads\/2023\/12\/DSC0517.JPGWeihnachten23-768x509.jpg 768w, https:\/\/awo-koenigswinter.de\/wp-content\/uploads\/2023\/12\/DSC0517.JPGWeihnachten23-1536x1017.jpg 1536w, https:\/\/awo-koenigswinter.de\/wp-content\/uploads\/2023\/12\/DSC0517.JPGWeihnachten23-2048x1356.jpg 2048w\" sizes=\"auto, (max-width: 300px) 100vw, 300px\" \/> <img loading=\"lazy\" decoding=\"async\" class=\"alignnone size-medium wp-image-1294\" src=\"https:\/\/awo-koenigswinter.de\/wp-content\/uploads\/2023\/12\/DSC0521.JPGWeihnachten23-300x199.jpg\" alt=\"\" width=\"300\" height=\"199\" srcset=\"https:\/\/awo-koenigswinter.de\/wp-content\/uploads\/2023\/12\/DSC0521.JPGWeihnachten23-300x199.jpg 300w, https:\/\/awo-koenigswinter.de\/wp-content\/uploads\/2023\/12\/DSC0521.JPGWeihnachten23-1024x678.jpg 1024w, https:\/\/awo-koenigswinter.de\/wp-content\/uploads\/2023\/12\/DSC0521.JPGWeihnachten23-768x509.jpg 768w, https:\/\/awo-koenigswinter.de\/wp-content\/uploads\/2023\/12\/DSC0521.JPGWeihnachten23-1536x1017.jpg 1536w, https:\/\/awo-koenigswinter.de\/wp-content\/uploads\/2023\/12\/DSC0521.JPGWeihnachten23-2048x1356.jpg 2048w\" sizes=\"auto, (max-width: 300px) 100vw, 300px\" \/> <img loading=\"lazy\" decoding=\"async\" class=\"alignnone size-medium wp-image-1295\" src=\"https:\/\/awo-koenigswinter.de\/wp-content\/uploads\/2023\/12\/DSC0524.JPGWeihnachten23-300x199.jpg\" alt=\"\" width=\"300\" height=\"199\" srcset=\"https:\/\/awo-koenigswinter.de\/wp-content\/uploads\/2023\/12\/DSC0524.JPGWeihnachten23-300x199.jpg 300w, https:\/\/awo-koenigswinter.de\/wp-content\/uploads\/2023\/12\/DSC0524.JPGWeihnachten23-1024x678.jpg 1024w, https:\/\/awo-koenigswinter.de\/wp-content\/uploads\/2023\/12\/DSC0524.JPGWeihnachten23-768x509.jpg 768w, https:\/\/awo-koenigswinter.de\/wp-content\/uploads\/2023\/12\/DSC0524.JPGWeihnachten23-1536x1017.jpg 1536w, https:\/\/awo-koenigswinter.de\/wp-content\/uploads\/2023\/12\/DSC0524.JPGWeihnachten23-2048x1356.jpg 2048w\" sizes=\"auto, (max-width: 300px) 100vw, 300px\" \/><\/p>\n<p>Bildunterschriften:<br \/>\ndie beiden ersten Fotos von links:<br \/>\nDer selbstgemachte Kuchen schmeckt vorz\u00fcglich.<br \/>\nFoto 3: Am\u00fcsiert: der ehemalige AWO-Vorsitzende Hermann Kauthausen.<br \/>\nFoto 4: Begeistert: AWO-Vorsitzende Hannelore Sander<br \/>\nFoto 5: Lucas der Magier mit &#8222;Assistent&#8220; Peter Kals<\/p>\n<p>___________________________________________________________________________________________________________________________________<\/p>\n<div dir=\"ltr\" data-setdir=\"false\">\n<p><strong>Adventsbasar in Niederdollendorf<\/strong><\/p>\n<p>Wer kleine Geschenke, Lametta, weihnachtliche Dekorationen oder Christbaumst\u00e4nder suchte, fand auf dem Adventsbasar der AWO K\u00f6nigswinter bestimmt etwas. Er fand am Samstag, dem 25. November, von 11 bis 17 Uhr im AWO-Treff in Niederdollendorf, Hauptstra\u00dfe 109, statt. Es gab f\u00fcr die Besucher\/innen au\u00dferdem selbst gemachte Waffeln und Kaffee.<\/p>\n<p><img loading=\"lazy\" decoding=\"async\" class=\"alignnone size-medium wp-image-1283\" src=\"https:\/\/awo-koenigswinter.de\/wp-content\/uploads\/2023\/11\/2023-Adventsbasar-1-300x179.jpg\" alt=\"\" width=\"300\" height=\"179\" srcset=\"https:\/\/awo-koenigswinter.de\/wp-content\/uploads\/2023\/11\/2023-Adventsbasar-1-300x179.jpg 300w, https:\/\/awo-koenigswinter.de\/wp-content\/uploads\/2023\/11\/2023-Adventsbasar-1-1024x611.jpg 1024w, https:\/\/awo-koenigswinter.de\/wp-content\/uploads\/2023\/11\/2023-Adventsbasar-1-768x458.jpg 768w, https:\/\/awo-koenigswinter.de\/wp-content\/uploads\/2023\/11\/2023-Adventsbasar-1.jpg 1280w\" sizes=\"auto, (max-width: 300px) 100vw, 300px\" \/> <img loading=\"lazy\" decoding=\"async\" class=\"alignnone size-medium wp-image-1284\" src=\"https:\/\/awo-koenigswinter.de\/wp-content\/uploads\/2023\/11\/2023-Adventsbasar-300x201.jpg\" alt=\"\" width=\"300\" height=\"201\" srcset=\"https:\/\/awo-koenigswinter.de\/wp-content\/uploads\/2023\/11\/2023-Adventsbasar-300x201.jpg 300w, https:\/\/awo-koenigswinter.de\/wp-content\/uploads\/2023\/11\/2023-Adventsbasar-1024x686.jpg 1024w, https:\/\/awo-koenigswinter.de\/wp-content\/uploads\/2023\/11\/2023-Adventsbasar-768x515.jpg 768w, https:\/\/awo-koenigswinter.de\/wp-content\/uploads\/2023\/11\/2023-Adventsbasar.jpg 1280w\" sizes=\"auto, (max-width: 300px) 100vw, 300px\" \/><\/p>\n<p>___________________________________________________________________________________________________________________________________<\/p>\n<p>&nbsp;<\/p>\n<\/div>\n<p><strong>Neuer AWO-Vorstand gew\u00e4hlt<\/strong><\/p>\n<p>Auf ihrer Jahreshauptversammlung hat die AWO K\u00f6nigswinter einen neuen Vorstand gew\u00e4hlt. Alte und neue Vorsitzende ist Hannelore Sander. Ihre Stellvertreterinnen wurden Ulrike Ries und Sabine Krieger-Mattila, Kassiererin Erika Kuneck und Schriftf\u00fchrer Dr.Peter Bierbrauer. AWO-Treff und AWO-Laden leiten Edith Kinder und Heinz Liebig. F\u00fcr die Fahrten und Reisen zeichnet nach wie vor Lisa Marquart verantwortlich.<\/p>\n<p>In ihrem Jahresbericht machte Hannelore Sander deutlich, dass das ehrenamtliche Engagement nicht hoch genug gesch\u00e4tzt werden k\u00f6nne. Sie dankte allen Helfer:innen, die sich sozial engagieren. Jutta Otto, die bisher das Ged\u00e4chtnistraining, die Sitzgymnastik und die Wandergruppe geleitet hat, kandidierte nicht erneut. Ihr galt der besondere Dank aller Anwesenden.<\/p>\n<p><img loading=\"lazy\" decoding=\"async\" class=\"alignnone size-medium wp-image-1282\" src=\"https:\/\/awo-koenigswinter.de\/wp-content\/uploads\/2023\/11\/2023-AWO-Vorstandwahl-300x195.jpg\" alt=\"\" width=\"300\" height=\"195\" srcset=\"https:\/\/awo-koenigswinter.de\/wp-content\/uploads\/2023\/11\/2023-AWO-Vorstandwahl-300x195.jpg 300w, https:\/\/awo-koenigswinter.de\/wp-content\/uploads\/2023\/11\/2023-AWO-Vorstandwahl-1024x666.jpg 1024w, https:\/\/awo-koenigswinter.de\/wp-content\/uploads\/2023\/11\/2023-AWO-Vorstandwahl-768x500.jpg 768w, https:\/\/awo-koenigswinter.de\/wp-content\/uploads\/2023\/11\/2023-AWO-Vorstandwahl-1536x999.jpg 1536w, https:\/\/awo-koenigswinter.de\/wp-content\/uploads\/2023\/11\/2023-AWO-Vorstandwahl-2048x1333.jpg 2048w\" sizes=\"auto, (max-width: 300px) 100vw, 300px\" \/><\/p>\n<p>Der neue AWO-Vorstand, von rechts:<br \/>\nUlrike Ries, Sabine Krieger-Mattila, Hannelore Sander, Lisa Marquart, Erika Kuneck, Edith Kinder, Heinz Liebig, Ernst Staudacher (Revisor).<\/p>\n<p>___________________________________________________________________________________________________________________________________<\/p>\n<p>&nbsp;<\/p>\n<p><strong>Neuer AWO-Fotokalender \u00fcber K\u00f6nigswinter<\/strong><\/p>\n<p>Zum ersten Mal gibt es einen eigenen Fotokalender \u00fcber K\u00f6nigswinter. Den hat der AWO-Fotoclub erstellt und herausgegeben. Auf dem Apfelsonntag wurde er vorgestellt und erfreut sich seitdem gro\u00dfer Beliebtheit. Alle gro\u00dfen Ortsteile unserer Stadt sind vertreten. Und der Fotoclub zeigt, was er kann. Der Kalender kann zum Preis von 10 \u20ac im AWO-Treff gekauft werden. Er liegt au\u00dferdem in den Buchhandlungen von K\u00f6nigswinter aus.<\/p>\n<\/div>\n<p>&nbsp;<\/p>\n<p><img loading=\"lazy\" decoding=\"async\" class=\"alignnone size-medium wp-image-1253\" src=\"https:\/\/awo-koenigswinter.de\/wp-content\/uploads\/2023\/09\/AWO-Kalender-2024-300x214.png\" alt=\"\" width=\"300\" height=\"214\" srcset=\"https:\/\/awo-koenigswinter.de\/wp-content\/uploads\/2023\/09\/AWO-Kalender-2024-300x214.png 300w, https:\/\/awo-koenigswinter.de\/wp-content\/uploads\/2023\/09\/AWO-Kalender-2024-1024x731.png 1024w, https:\/\/awo-koenigswinter.de\/wp-content\/uploads\/2023\/09\/AWO-Kalender-2024-768x548.png 768w, https:\/\/awo-koenigswinter.de\/wp-content\/uploads\/2023\/09\/AWO-Kalender-2024.png 1290w\" sizes=\"auto, (max-width: 300px) 100vw, 300px\" \/><\/p>\n<div dir=\"ltr\" data-setdir=\"false\">\n<p>______________________________________________________________________________________________________________________________________<\/p>\n<p><strong>AWO auf dem Apfelsonntag aktiv<\/strong><\/p>\n<p>Auf dem gut besuchten Apfelsonntag in Oberpleis am 3. September durfte die AWO nicht fehlen. An ihrem Stand verschenkte sie Kinderb\u00fccher und Spiele. Au\u00dferdem wurde der neue Fotokalender \u00fcber K\u00f6nigswinter, den der AWO-Fotoklub produziert hat, erstmalig angeboten. Peter Bierbrauer vom Fotoclub freute sich: &#8222;Mehr als 10 % der Erstauflage gingen f\u00fcr 10 \u20ac \u00fcber die Theke. Und das Anfang September!&#8220;<\/p>\n<p><img loading=\"lazy\" decoding=\"async\" class=\"alignnone wp-image-1257 \" src=\"https:\/\/awo-koenigswinter.de\/wp-content\/uploads\/2023\/09\/20230903_123635-142x300.jpg\" alt=\"\" width=\"101\" height=\"213\" srcset=\"https:\/\/awo-koenigswinter.de\/wp-content\/uploads\/2023\/09\/20230903_123635-142x300.jpg 142w, https:\/\/awo-koenigswinter.de\/wp-content\/uploads\/2023\/09\/20230903_123635-484x1024.jpg 484w, https:\/\/awo-koenigswinter.de\/wp-content\/uploads\/2023\/09\/20230903_123635-768x1623.jpg 768w, https:\/\/awo-koenigswinter.de\/wp-content\/uploads\/2023\/09\/20230903_123635-727x1536.jpg 727w, https:\/\/awo-koenigswinter.de\/wp-content\/uploads\/2023\/09\/20230903_123635-969x2048.jpg 969w, https:\/\/awo-koenigswinter.de\/wp-content\/uploads\/2023\/09\/20230903_123635-scaled.jpg 1211w\" sizes=\"auto, (max-width: 101px) 100vw, 101px\" \/> <img loading=\"lazy\" decoding=\"async\" class=\"alignnone wp-image-1258\" src=\"https:\/\/awo-koenigswinter.de\/wp-content\/uploads\/2023\/09\/20230903_171244-142x300.jpg\" alt=\"\" width=\"102\" height=\"215\" srcset=\"https:\/\/awo-koenigswinter.de\/wp-content\/uploads\/2023\/09\/20230903_171244-142x300.jpg 142w, https:\/\/awo-koenigswinter.de\/wp-content\/uploads\/2023\/09\/20230903_171244-484x1024.jpg 484w, https:\/\/awo-koenigswinter.de\/wp-content\/uploads\/2023\/09\/20230903_171244-768x1623.jpg 768w, https:\/\/awo-koenigswinter.de\/wp-content\/uploads\/2023\/09\/20230903_171244-727x1536.jpg 727w, https:\/\/awo-koenigswinter.de\/wp-content\/uploads\/2023\/09\/20230903_171244-969x2048.jpg 969w, https:\/\/awo-koenigswinter.de\/wp-content\/uploads\/2023\/09\/20230903_171244-scaled.jpg 1211w\" sizes=\"auto, (max-width: 102px) 100vw, 102px\" \/> <img loading=\"lazy\" decoding=\"async\" class=\"alignnone wp-image-1259 size-medium\" src=\"https:\/\/awo-koenigswinter.de\/wp-content\/uploads\/2023\/09\/AWO1-1-von-1-300x219.jpg\" alt=\"\" width=\"300\" height=\"219\" srcset=\"https:\/\/awo-koenigswinter.de\/wp-content\/uploads\/2023\/09\/AWO1-1-von-1-300x219.jpg 300w, https:\/\/awo-koenigswinter.de\/wp-content\/uploads\/2023\/09\/AWO1-1-von-1-1024x746.jpg 1024w, https:\/\/awo-koenigswinter.de\/wp-content\/uploads\/2023\/09\/AWO1-1-von-1-768x560.jpg 768w, https:\/\/awo-koenigswinter.de\/wp-content\/uploads\/2023\/09\/AWO1-1-von-1-1536x1120.jpg 1536w, https:\/\/awo-koenigswinter.de\/wp-content\/uploads\/2023\/09\/AWO1-1-von-1-2048x1493.jpg 2048w\" sizes=\"auto, (max-width: 300px) 100vw, 300px\" \/><\/p>\n<p><strong>______________________________________________________________________________________________________________________________________<\/strong><\/p>\n<p>&nbsp;<\/p>\n<\/div>\n<p><strong>AWO-Pr\u00e4senz auf dem Seniorentag<\/strong><\/p>\n<p>Auch bei Temperaturen \u00fcber 30 Grad kamen rund 500 Besucher zum diesj\u00e4hrigen Seniorentag, den das Seniorennetzwerk des Forums Ehrenamt ausgerichtet hat. Dazu geh\u00f6rte auch die AWO K\u00f6nigswinter, die mit einem Infostand und mit einem Gymnastik-Angebot pr\u00e4sent war. Wie in den Vorjahren war die Sitzgymnastik unter Leitung von Jutta Otto ein voller Erfolg.<\/p>\n<p><img loading=\"lazy\" decoding=\"async\" class=\"alignnone size-medium wp-image-1238\" src=\"https:\/\/awo-koenigswinter.de\/wp-content\/uploads\/2023\/07\/DSC00426.JPGSeniorentag9-300x214.jpg\" alt=\"\" width=\"300\" height=\"214\" srcset=\"https:\/\/awo-koenigswinter.de\/wp-content\/uploads\/2023\/07\/DSC00426.JPGSeniorentag9-300x214.jpg 300w, https:\/\/awo-koenigswinter.de\/wp-content\/uploads\/2023\/07\/DSC00426.JPGSeniorentag9-1024x732.jpg 1024w, https:\/\/awo-koenigswinter.de\/wp-content\/uploads\/2023\/07\/DSC00426.JPGSeniorentag9-768x549.jpg 768w, https:\/\/awo-koenigswinter.de\/wp-content\/uploads\/2023\/07\/DSC00426.JPGSeniorentag9-1536x1098.jpg 1536w, https:\/\/awo-koenigswinter.de\/wp-content\/uploads\/2023\/07\/DSC00426.JPGSeniorentag9-2048x1463.jpg 2048w\" sizes=\"auto, (max-width: 300px) 100vw, 300px\" \/> <img loading=\"lazy\" decoding=\"async\" class=\"alignnone size-medium wp-image-1239\" src=\"https:\/\/awo-koenigswinter.de\/wp-content\/uploads\/2023\/07\/DSC00465.JPGSeniorentag33-300x181.jpg\" alt=\"\" width=\"300\" height=\"181\" srcset=\"https:\/\/awo-koenigswinter.de\/wp-content\/uploads\/2023\/07\/DSC00465.JPGSeniorentag33-300x181.jpg 300w, https:\/\/awo-koenigswinter.de\/wp-content\/uploads\/2023\/07\/DSC00465.JPGSeniorentag33-1024x618.jpg 1024w, https:\/\/awo-koenigswinter.de\/wp-content\/uploads\/2023\/07\/DSC00465.JPGSeniorentag33-768x464.jpg 768w, https:\/\/awo-koenigswinter.de\/wp-content\/uploads\/2023\/07\/DSC00465.JPGSeniorentag33-1536x927.jpg 1536w, https:\/\/awo-koenigswinter.de\/wp-content\/uploads\/2023\/07\/DSC00465.JPGSeniorentag33-2048x1236.jpg 2048w\" sizes=\"auto, (max-width: 300px) 100vw, 300px\" \/> <img loading=\"lazy\" decoding=\"async\" class=\"alignnone size-medium wp-image-1240\" src=\"https:\/\/awo-koenigswinter.de\/wp-content\/uploads\/2023\/07\/DSC00492.JPGSeniorentag45-300x191.jpg\" alt=\"\" width=\"300\" height=\"191\" srcset=\"https:\/\/awo-koenigswinter.de\/wp-content\/uploads\/2023\/07\/DSC00492.JPGSeniorentag45-300x191.jpg 300w, https:\/\/awo-koenigswinter.de\/wp-content\/uploads\/2023\/07\/DSC00492.JPGSeniorentag45-1024x651.jpg 1024w, https:\/\/awo-koenigswinter.de\/wp-content\/uploads\/2023\/07\/DSC00492.JPGSeniorentag45-768x488.jpg 768w, https:\/\/awo-koenigswinter.de\/wp-content\/uploads\/2023\/07\/DSC00492.JPGSeniorentag45-1536x977.jpg 1536w, https:\/\/awo-koenigswinter.de\/wp-content\/uploads\/2023\/07\/DSC00492.JPGSeniorentag45-2048x1302.jpg 2048w\" sizes=\"auto, (max-width: 300px) 100vw, 300px\" \/> <img loading=\"lazy\" decoding=\"async\" class=\"alignnone size-medium wp-image-1241\" src=\"https:\/\/awo-koenigswinter.de\/wp-content\/uploads\/2023\/07\/DSC00505.JPGSeniorentag50-300x195.jpg\" alt=\"\" width=\"300\" height=\"195\" srcset=\"https:\/\/awo-koenigswinter.de\/wp-content\/uploads\/2023\/07\/DSC00505.JPGSeniorentag50-300x195.jpg 300w, https:\/\/awo-koenigswinter.de\/wp-content\/uploads\/2023\/07\/DSC00505.JPGSeniorentag50-1024x665.jpg 1024w, https:\/\/awo-koenigswinter.de\/wp-content\/uploads\/2023\/07\/DSC00505.JPGSeniorentag50-768x499.jpg 768w, https:\/\/awo-koenigswinter.de\/wp-content\/uploads\/2023\/07\/DSC00505.JPGSeniorentag50-1536x998.jpg 1536w, https:\/\/awo-koenigswinter.de\/wp-content\/uploads\/2023\/07\/DSC00505.JPGSeniorentag50-2048x1331.jpg 2048w\" sizes=\"auto, (max-width: 300px) 100vw, 300px\" \/> <img loading=\"lazy\" decoding=\"async\" class=\"alignnone size-medium wp-image-1242\" src=\"https:\/\/awo-koenigswinter.de\/wp-content\/uploads\/2023\/07\/DSC00519.JPGSeniorentag58-300x200.jpg\" alt=\"\" width=\"300\" height=\"200\" srcset=\"https:\/\/awo-koenigswinter.de\/wp-content\/uploads\/2023\/07\/DSC00519.JPGSeniorentag58-300x200.jpg 300w, https:\/\/awo-koenigswinter.de\/wp-content\/uploads\/2023\/07\/DSC00519.JPGSeniorentag58-1024x683.jpg 1024w, https:\/\/awo-koenigswinter.de\/wp-content\/uploads\/2023\/07\/DSC00519.JPGSeniorentag58-768x512.jpg 768w, https:\/\/awo-koenigswinter.de\/wp-content\/uploads\/2023\/07\/DSC00519.JPGSeniorentag58-1536x1024.jpg 1536w, https:\/\/awo-koenigswinter.de\/wp-content\/uploads\/2023\/07\/DSC00519.JPGSeniorentag58-2048x1365.jpg 2048w\" sizes=\"auto, (max-width: 300px) 100vw, 300px\" \/><\/p>\n<p>Fotos von links:<br \/>\nGymnastik im Freien bot Jutta Otto an<br \/>\nAm AWO-Stand, links Hannelore Sander<br \/>\nDaniela Kulla, die Achtsamkeitstrainerin der AWO mit Ehemann<br \/>\nAm AWO-Stand, Edith Kinder und Peter Bierbrauer<br \/>\nUnter schattigen B\u00e4umen beim Seniorentag<\/p>\n<\/div>\n<div dir=\"ltr\">\n<div dir=\"ltr\" data-setdir=\"false\">\n<div dir=\"ltr\" data-setdir=\"false\">\n<p>_____________________________________________________________________________________________________________________________________<\/p>\n<p>&nbsp;<\/p>\n<\/div>\n<\/div>\n<\/div>\n<p><strong>AWO-Fr\u00fchlingsfest mit Wanderung und Kinderflohmarkt<\/strong><\/p>\n<\/div>\n<div dir=\"ltr\">\n<div>\n<p>Gelungenes Fr\u00fchlingsfest der AWO K\u00f6nigswinter am 3. Juni. B\u00fcrgermeister Lutz Wagner, selbst langj\u00e4hriges Mitglied der AWO, lobte die ehrenamtliche Arbeit und hinterlie\u00df eine gro\u00dfz\u00fcgige Spende. Die Leiterin des Sozialamtes, Yvonne Godzcik, und Ihre Mitarbeiterin, Frau Himmel,informierten sich \u00fcber die Angebote und R\u00e4umlichkeiten der AWO. Den G\u00e4sten schmeckte W\u00fcrstchen vom Grill, selbstgemachte Salate und Kuchen. Und mit dem Duo Ulrike &amp; Ernst sangen sie alte Schlager nach Herzenslust mit.<\/p>\n<p><img loading=\"lazy\" decoding=\"async\" class=\"alignnone size-medium wp-image-1228\" src=\"https:\/\/awo-koenigswinter.de\/wp-content\/uploads\/2023\/06\/AWO-Fruehlingsfest-2023-2-300x218.jpg\" alt=\"\" width=\"300\" height=\"218\" srcset=\"https:\/\/awo-koenigswinter.de\/wp-content\/uploads\/2023\/06\/AWO-Fruehlingsfest-2023-2-300x218.jpg 300w, https:\/\/awo-koenigswinter.de\/wp-content\/uploads\/2023\/06\/AWO-Fruehlingsfest-2023-2-1024x742.jpg 1024w, https:\/\/awo-koenigswinter.de\/wp-content\/uploads\/2023\/06\/AWO-Fruehlingsfest-2023-2-768x557.jpg 768w, https:\/\/awo-koenigswinter.de\/wp-content\/uploads\/2023\/06\/AWO-Fruehlingsfest-2023-2-1536x1114.jpg 1536w, https:\/\/awo-koenigswinter.de\/wp-content\/uploads\/2023\/06\/AWO-Fruehlingsfest-2023-2.jpg 1600w\" sizes=\"auto, (max-width: 300px) 100vw, 300px\" \/> <img loading=\"lazy\" decoding=\"async\" class=\"alignnone size-medium wp-image-1229\" src=\"https:\/\/awo-koenigswinter.de\/wp-content\/uploads\/2023\/06\/AWO-Fruehlingsfest-2023-3-300x197.jpg\" alt=\"\" width=\"300\" height=\"197\" srcset=\"https:\/\/awo-koenigswinter.de\/wp-content\/uploads\/2023\/06\/AWO-Fruehlingsfest-2023-3-300x197.jpg 300w, https:\/\/awo-koenigswinter.de\/wp-content\/uploads\/2023\/06\/AWO-Fruehlingsfest-2023-3-1024x671.jpg 1024w, https:\/\/awo-koenigswinter.de\/wp-content\/uploads\/2023\/06\/AWO-Fruehlingsfest-2023-3-768x503.jpg 768w, https:\/\/awo-koenigswinter.de\/wp-content\/uploads\/2023\/06\/AWO-Fruehlingsfest-2023-3-1536x1006.jpg 1536w, https:\/\/awo-koenigswinter.de\/wp-content\/uploads\/2023\/06\/AWO-Fruehlingsfest-2023-3.jpg 1600w\" sizes=\"auto, (max-width: 300px) 100vw, 300px\" \/> <img loading=\"lazy\" decoding=\"async\" class=\"alignnone size-medium wp-image-1230\" src=\"https:\/\/awo-koenigswinter.de\/wp-content\/uploads\/2023\/06\/AWO-Fruehlingsfest-2023-4-300x191.jpg\" alt=\"\" width=\"300\" height=\"191\" srcset=\"https:\/\/awo-koenigswinter.de\/wp-content\/uploads\/2023\/06\/AWO-Fruehlingsfest-2023-4-300x191.jpg 300w, https:\/\/awo-koenigswinter.de\/wp-content\/uploads\/2023\/06\/AWO-Fruehlingsfest-2023-4-1024x652.jpg 1024w, https:\/\/awo-koenigswinter.de\/wp-content\/uploads\/2023\/06\/AWO-Fruehlingsfest-2023-4-768x489.jpg 768w, https:\/\/awo-koenigswinter.de\/wp-content\/uploads\/2023\/06\/AWO-Fruehlingsfest-2023-4-1536x977.jpg 1536w, https:\/\/awo-koenigswinter.de\/wp-content\/uploads\/2023\/06\/AWO-Fruehlingsfest-2023-4.jpg 2048w\" sizes=\"auto, (max-width: 300px) 100vw, 300px\" \/> <img loading=\"lazy\" decoding=\"async\" class=\"alignnone size-medium wp-image-1231\" src=\"https:\/\/awo-koenigswinter.de\/wp-content\/uploads\/2023\/06\/AWO-Fruehlingsfest-2023-5-300x201.jpg\" alt=\"\" width=\"300\" height=\"201\" srcset=\"https:\/\/awo-koenigswinter.de\/wp-content\/uploads\/2023\/06\/AWO-Fruehlingsfest-2023-5-300x201.jpg 300w, https:\/\/awo-koenigswinter.de\/wp-content\/uploads\/2023\/06\/AWO-Fruehlingsfest-2023-5-1024x685.jpg 1024w, https:\/\/awo-koenigswinter.de\/wp-content\/uploads\/2023\/06\/AWO-Fruehlingsfest-2023-5-768x514.jpg 768w, https:\/\/awo-koenigswinter.de\/wp-content\/uploads\/2023\/06\/AWO-Fruehlingsfest-2023-5-1536x1028.jpg 1536w, https:\/\/awo-koenigswinter.de\/wp-content\/uploads\/2023\/06\/AWO-Fruehlingsfest-2023-5.jpg 2048w\" sizes=\"auto, (max-width: 300px) 100vw, 300px\" \/> <img loading=\"lazy\" decoding=\"async\" class=\"size-medium wp-image-1234 alignnone\" src=\"https:\/\/awo-koenigswinter.de\/wp-content\/uploads\/2023\/06\/AWO-Fruehlingsfest-2023-5-1-225x300.jpg\" alt=\"\" width=\"225\" height=\"300\" srcset=\"https:\/\/awo-koenigswinter.de\/wp-content\/uploads\/2023\/06\/AWO-Fruehlingsfest-2023-5-1-225x300.jpg 225w, https:\/\/awo-koenigswinter.de\/wp-content\/uploads\/2023\/06\/AWO-Fruehlingsfest-2023-5-1-768x1024.jpg 768w, https:\/\/awo-koenigswinter.de\/wp-content\/uploads\/2023\/06\/AWO-Fruehlingsfest-2023-5-1-1152x1536.jpg 1152w, https:\/\/awo-koenigswinter.de\/wp-content\/uploads\/2023\/06\/AWO-Fruehlingsfest-2023-5-1-rotated.jpg 1500w\" sizes=\"auto, (max-width: 225px) 100vw, 225px\" \/><\/p>\n<\/div>\n<\/div>\n<p>&nbsp;<\/p>\n<p>&nbsp;<\/p>\n<p>_____________________________________________________________________________________________________________________________________<\/p>\n<div dir=\"ltr\" data-setdir=\"false\">\n<p>&nbsp;<\/p>\n<\/div>\n<p><strong>Sonderaktion aller Kleiderl\u00e4den in K\u00f6nigswinter am 2. Juni<\/strong><\/p>\n<div dir=\"ltr\" data-setdir=\"false\">Am 2. Juni hatten alle ehrenamtlich organisierten Kleiderstuben in K\u00f6nigswinter gleichzeitig von 16 bis 20 Uhr ge\u00f6ffnet. Der AWO-Kleiderladen war dabei und begr\u00fc\u00dfte die G\u00e4ste mit einem Glas Sekt.<br \/>\n<br aria-hidden=\"true\" \/><\/div>\n<div dir=\"ltr\" data-setdir=\"false\"><img loading=\"lazy\" decoding=\"async\" class=\"alignnone size-medium wp-image-1226\" src=\"https:\/\/awo-koenigswinter.de\/wp-content\/uploads\/2023\/06\/AWO-Modenschau-2023-300x180.jpg\" alt=\"\" width=\"300\" height=\"180\" srcset=\"https:\/\/awo-koenigswinter.de\/wp-content\/uploads\/2023\/06\/AWO-Modenschau-2023-300x180.jpg 300w, https:\/\/awo-koenigswinter.de\/wp-content\/uploads\/2023\/06\/AWO-Modenschau-2023-1024x614.jpg 1024w, https:\/\/awo-koenigswinter.de\/wp-content\/uploads\/2023\/06\/AWO-Modenschau-2023-768x460.jpg 768w, https:\/\/awo-koenigswinter.de\/wp-content\/uploads\/2023\/06\/AWO-Modenschau-2023-1536x920.jpg 1536w, https:\/\/awo-koenigswinter.de\/wp-content\/uploads\/2023\/06\/AWO-Modenschau-2023-2048x1227.jpg 2048w\" sizes=\"auto, (max-width: 300px) 100vw, 300px\" \/><\/div>\n<p>_____________________________________________________________________________________________________________________________________<\/p>\n<div dir=\"ltr\" data-setdir=\"false\">\n<p>&nbsp;<\/p>\n<\/div>\n<p><strong>Fotoausstellung am 11. Mai im AWO-Treff:<\/strong> \u00a0 Warum in die Ferne schweifen? <em>Die Vielfalt der Natur vor der Haust\u00fcr<br \/>\n<\/em>\u00a0\u00a0\u00a0\u00a0\u00a0\u00a0\u00a0\u00a0\u00a0\u00a0\u00a0\u00a0\u00a0\u00a0\u00a0\u00a0\u00a0\u00a0\u00a0\u00a0\u00a0\u00a0\u00a0\u00a0\u00a0\u00a0\u00a0 \u00a0\u00a0\u00a0\u00a0\u00a0\u00a0\u00a0\u00a0\u00a0\u00a0\u00a0\u00a0\u00a0\u00a0\u00a0\u00a0\u00a0\u00a0\u00a0\u00a0\u00a0\u00a0\u00a0\u00a0\u00a0\u00a0\u00a0\u00a0\u00a0\u00a0\u00a0\u00a0\u00a0\u00a0\u00a0\u00a0\u00a0\u00a0\u00a0<em><br \/>\n<\/em><\/p>\n<p>Ein Hobbyfotograf mit Profi-Qualit\u00e4t ist Bernd Giershausen, Jahrgang 1954, aus dem kleinen Ort R\u00fcbhausen bei Oberpleis. Hier ist er h\u00e4ufig auf vertr\u00e4umten Feld- und Waldwegen unterwegs, nie ohne seinen Fotoapparat. Die artenreiche Tier- und Pflanzenwelt des oberen Eisbachtals bieten ihm immer wieder neue Motive. Das Besondere dieser Ausstellung: Die Bilder sind nicht farbig, sondern schwarz\/wei\u00df.<\/p>\n<p>Die Vernissage fand am 11. Mai um 19 Uhr im AWO-Treff in Niederdollendorf, Hauptstra\u00dfe 109, statt. Wer fotografisch interessiert ist, war herzlich eingeladen.<\/p>\n<p>_____________________________________________________________________________________________________________________________________<\/p>\n<p>&nbsp;<\/p>\n<p><strong>Gut besuchte Kunstausstellung der AWO<\/strong><\/p>\n<p><strong>Pastell- und Rakelbilder von Barbara Baltes<\/strong><\/p>\n<p>Pastell- und Rakelbilder der Oberdollendorfer K\u00fcnstlerin Barbara Baltes standen im Mittelpunkt der gut besuchten Vernissage zur neuen Kunstausstellung der AWO K\u00f6nigswinter.W\u00e4hrend die Pastellbilder eindrucksvolle Landschaften wiedergeben, sind die Rakelbilder abstrakte Farb- und Formkompositionen. In ihrer Ansprache dankte die stellvertretende AWO-Vorsitzende, Ulrike Ries, Barbara Baltes, dass sie in die &#8222;bescheidene H\u00fctte&#8220; des AWO-Treffs gekommen sei. Es sei nicht naheliegend, dass sich eine Wohlfahrtsorganisaton mit Kunst besch\u00e4ftige. Aber, so f\u00fchrte sie aus, &#8222;zur Wohlfahrt geh\u00f6rt Kunst genauso dazu wie das t\u00e4gliche Brot.&#8220;<\/p>\n<p>Barbara Baltes weihte die G\u00e4ste anschlie\u00dfend die unterschiedlichen Herstellungstechniken ihrer Bilder ein, was auf gro\u00dfes Interesse stie\u00df.<\/p>\n<p>Die Ausstellung war mittwochs und donnerstags von 14 bis 18 Uhr im AWO-Treff in Niederdollendorf, Hauptstra\u00dfe 209, bis Ende M\u00e4rz zu sehen.<\/p>\n<p><img loading=\"lazy\" decoding=\"async\" class=\"alignnone size-medium wp-image-1169\" src=\"https:\/\/awo-koenigswinter.de\/wp-content\/uploads\/2023\/02\/Barbara-Baltes-Austellung-1-Feb.-2023-300x202.jpg\" alt=\"\" width=\"300\" height=\"202\" srcset=\"https:\/\/awo-koenigswinter.de\/wp-content\/uploads\/2023\/02\/Barbara-Baltes-Austellung-1-Feb.-2023-300x202.jpg 300w, https:\/\/awo-koenigswinter.de\/wp-content\/uploads\/2023\/02\/Barbara-Baltes-Austellung-1-Feb.-2023-1024x689.jpg 1024w, https:\/\/awo-koenigswinter.de\/wp-content\/uploads\/2023\/02\/Barbara-Baltes-Austellung-1-Feb.-2023-768x517.jpg 768w, https:\/\/awo-koenigswinter.de\/wp-content\/uploads\/2023\/02\/Barbara-Baltes-Austellung-1-Feb.-2023-1536x1034.jpg 1536w, https:\/\/awo-koenigswinter.de\/wp-content\/uploads\/2023\/02\/Barbara-Baltes-Austellung-1-Feb.-2023.jpg 1600w\" sizes=\"auto, (max-width: 300px) 100vw, 300px\" \/> <img loading=\"lazy\" decoding=\"async\" class=\"alignnone size-medium wp-image-1170\" src=\"https:\/\/awo-koenigswinter.de\/wp-content\/uploads\/2023\/02\/Barbara-Baltes-Austellung-Feb.-2023-300x199.jpg\" alt=\"\" width=\"300\" height=\"199\" srcset=\"https:\/\/awo-koenigswinter.de\/wp-content\/uploads\/2023\/02\/Barbara-Baltes-Austellung-Feb.-2023-300x199.jpg 300w, https:\/\/awo-koenigswinter.de\/wp-content\/uploads\/2023\/02\/Barbara-Baltes-Austellung-Feb.-2023-1024x680.jpg 1024w, https:\/\/awo-koenigswinter.de\/wp-content\/uploads\/2023\/02\/Barbara-Baltes-Austellung-Feb.-2023-768x510.jpg 768w, https:\/\/awo-koenigswinter.de\/wp-content\/uploads\/2023\/02\/Barbara-Baltes-Austellung-Feb.-2023-1536x1020.jpg 1536w, https:\/\/awo-koenigswinter.de\/wp-content\/uploads\/2023\/02\/Barbara-Baltes-Austellung-Feb.-2023.jpg 1600w\" sizes=\"auto, (max-width: 300px) 100vw, 300px\" \/><\/p>\n<p>______________________________________________________________________________________________________________________________________<\/p>\n<p>&nbsp;<\/p>\n<p><strong>Fr\u00f6hliche Rosenmontagsparty bei der AWO<\/strong><\/p>\n<p>Im karnevalistisch geschm\u00fcckten AWO-Treff ging es am Rosenmontag rund. Ab 13 Uhr kamen die gut gelaunten G\u00e4ste und hatten bei Schunkelmusik, Berlinern und Frikadellen viel Spa\u00df. Gegen 14 Uhr konnte bei strahlendem Sonnenschein der Niederdollendorfer Rosenmontagszug besucht werden, der in jedem Jahr am AWO-Treff vorbeizieht. Danach wurde fr\u00f6hlich weitergefeiert.<\/p>\n<p><img loading=\"lazy\" decoding=\"async\" class=\"alignnone size-medium wp-image-1178\" src=\"https:\/\/awo-koenigswinter.de\/wp-content\/uploads\/2023\/03\/Rosenmontag-2023-300x225.jpg\" alt=\"\" width=\"300\" height=\"225\" srcset=\"https:\/\/awo-koenigswinter.de\/wp-content\/uploads\/2023\/03\/Rosenmontag-2023-300x225.jpg 300w, https:\/\/awo-koenigswinter.de\/wp-content\/uploads\/2023\/03\/Rosenmontag-2023-1024x768.jpg 1024w, https:\/\/awo-koenigswinter.de\/wp-content\/uploads\/2023\/03\/Rosenmontag-2023-768x576.jpg 768w, https:\/\/awo-koenigswinter.de\/wp-content\/uploads\/2023\/03\/Rosenmontag-2023-1536x1152.jpg 1536w, https:\/\/awo-koenigswinter.de\/wp-content\/uploads\/2023\/03\/Rosenmontag-2023-2048x1536.jpg 2048w\" sizes=\"auto, (max-width: 300px) 100vw, 300px\" \/> <img loading=\"lazy\" decoding=\"async\" class=\"alignnone size-medium wp-image-1179\" src=\"https:\/\/awo-koenigswinter.de\/wp-content\/uploads\/2023\/03\/Rosenmontag-3-2023-300x167.jpg\" alt=\"\" width=\"300\" height=\"167\" srcset=\"https:\/\/awo-koenigswinter.de\/wp-content\/uploads\/2023\/03\/Rosenmontag-3-2023-300x167.jpg 300w, https:\/\/awo-koenigswinter.de\/wp-content\/uploads\/2023\/03\/Rosenmontag-3-2023-1024x572.jpg 1024w, https:\/\/awo-koenigswinter.de\/wp-content\/uploads\/2023\/03\/Rosenmontag-3-2023-768x429.jpg 768w, https:\/\/awo-koenigswinter.de\/wp-content\/uploads\/2023\/03\/Rosenmontag-3-2023-1536x857.jpg 1536w, https:\/\/awo-koenigswinter.de\/wp-content\/uploads\/2023\/03\/Rosenmontag-3-2023.jpg 2048w\" sizes=\"auto, (max-width: 300px) 100vw, 300px\" \/> <img loading=\"lazy\" decoding=\"async\" class=\"alignnone size-medium wp-image-1177\" src=\"https:\/\/awo-koenigswinter.de\/wp-content\/uploads\/2023\/03\/Rosenmontag-1-2023-300x225.jpg\" alt=\"\" width=\"300\" height=\"225\" srcset=\"https:\/\/awo-koenigswinter.de\/wp-content\/uploads\/2023\/03\/Rosenmontag-1-2023-300x225.jpg 300w, https:\/\/awo-koenigswinter.de\/wp-content\/uploads\/2023\/03\/Rosenmontag-1-2023-1024x768.jpg 1024w, https:\/\/awo-koenigswinter.de\/wp-content\/uploads\/2023\/03\/Rosenmontag-1-2023-768x576.jpg 768w, https:\/\/awo-koenigswinter.de\/wp-content\/uploads\/2023\/03\/Rosenmontag-1-2023-1536x1152.jpg 1536w, https:\/\/awo-koenigswinter.de\/wp-content\/uploads\/2023\/03\/Rosenmontag-1-2023-2048x1536.jpg 2048w\" sizes=\"auto, (max-width: 300px) 100vw, 300px\" \/><\/p>\n<p>&nbsp;<\/p>\n<p>______________________________________________________________________________________________________________________________________<\/p>\n<p>&nbsp;<\/p>\n<p><img loading=\"lazy\" decoding=\"async\" class=\"alignnone wp-image-1163 size-full\" src=\"https:\/\/awo-koenigswinter.de\/wp-content\/uploads\/2023\/01\/AWO-Karneval.png\" alt=\"\" width=\"1428\" height=\"361\" srcset=\"https:\/\/awo-koenigswinter.de\/wp-content\/uploads\/2023\/01\/AWO-Karneval.png 1428w, https:\/\/awo-koenigswinter.de\/wp-content\/uploads\/2023\/01\/AWO-Karneval-300x76.png 300w, https:\/\/awo-koenigswinter.de\/wp-content\/uploads\/2023\/01\/AWO-Karneval-1024x259.png 1024w, https:\/\/awo-koenigswinter.de\/wp-content\/uploads\/2023\/01\/AWO-Karneval-768x194.png 768w\" sizes=\"auto, (max-width: 1428px) 100vw, 1428px\" \/><\/p>\n<p>&#8222;AWO alaaf&#8220; hies es am Rosenmontag im AWO-Treff wieder. Am 20. Februar ab 13 Uhr gab es Karnevalslieder, Getr\u00e4nke und etwas zu Essen. Gute Laune und der Niederdollendorfer Rosenmontagszug waren gratis dabei.<\/p>\n<p>______________________________________________________________________________________________________________________________________<\/p>\n<p><strong>Kunstausstellung mit Barbara Baltes<\/strong><\/p>\n<p>Die bekannte Oberdollendorfer K\u00fcnstlerin Barbara Baltes stellte ihre Werke bei der AWO aus. &#8222;Dies und das \/ in Farbe \/ trocken und nass&#8220; war der Titel der Ausstellung, die sowohl Pastellbilder als auch Rakelbilder enth\u00e4lt.<\/p>\n<p>Die Vernissage fand am Freitag, dem 3. Februar, um 17 Uhr im AWO-Treff in Niederdollendorf statt, zu der alle Interessierte eingeladen worden waren. Die Ausstellung war danach mittwochs und donnerstags ab 14 Uhr im AWO-Treff zu sehen.<\/p>\n<p><img loading=\"lazy\" decoding=\"async\" class=\"alignnone size-medium wp-image-1162\" src=\"https:\/\/awo-koenigswinter.de\/wp-content\/uploads\/2023\/01\/Austellung-Barbara-Baltes-2023-300x298.jpg\" alt=\"\" width=\"300\" height=\"298\" srcset=\"https:\/\/awo-koenigswinter.de\/wp-content\/uploads\/2023\/01\/Austellung-Barbara-Baltes-2023-300x298.jpg 300w, https:\/\/awo-koenigswinter.de\/wp-content\/uploads\/2023\/01\/Austellung-Barbara-Baltes-2023-1024x1017.jpg 1024w, https:\/\/awo-koenigswinter.de\/wp-content\/uploads\/2023\/01\/Austellung-Barbara-Baltes-2023-150x150.jpg 150w, https:\/\/awo-koenigswinter.de\/wp-content\/uploads\/2023\/01\/Austellung-Barbara-Baltes-2023-768x762.jpg 768w, https:\/\/awo-koenigswinter.de\/wp-content\/uploads\/2023\/01\/Austellung-Barbara-Baltes-2023-1536x1525.jpg 1536w, https:\/\/awo-koenigswinter.de\/wp-content\/uploads\/2023\/01\/Austellung-Barbara-Baltes-2023-2048x2033.jpg 2048w\" sizes=\"auto, (max-width: 300px) 100vw, 300px\" \/> <img loading=\"lazy\" decoding=\"async\" class=\"alignnone size-medium wp-image-1164\" src=\"https:\/\/awo-koenigswinter.de\/wp-content\/uploads\/2023\/01\/Austellung-2-Barbara-Baltes-2023-1-240x300.jpg\" alt=\"\" width=\"240\" height=\"300\" srcset=\"https:\/\/awo-koenigswinter.de\/wp-content\/uploads\/2023\/01\/Austellung-2-Barbara-Baltes-2023-1-240x300.jpg 240w, https:\/\/awo-koenigswinter.de\/wp-content\/uploads\/2023\/01\/Austellung-2-Barbara-Baltes-2023-1-818x1024.jpg 818w, https:\/\/awo-koenigswinter.de\/wp-content\/uploads\/2023\/01\/Austellung-2-Barbara-Baltes-2023-1-768x962.jpg 768w, https:\/\/awo-koenigswinter.de\/wp-content\/uploads\/2023\/01\/Austellung-2-Barbara-Baltes-2023-1.jpg 1086w\" sizes=\"auto, (max-width: 240px) 100vw, 240px\" \/> <img loading=\"lazy\" decoding=\"async\" class=\"alignnone size-medium wp-image-1160\" src=\"https:\/\/awo-koenigswinter.de\/wp-content\/uploads\/2023\/01\/Austellung-1-Barbara-Baltes-2023-252x300.jpg\" alt=\"\" width=\"252\" height=\"300\" srcset=\"https:\/\/awo-koenigswinter.de\/wp-content\/uploads\/2023\/01\/Austellung-1-Barbara-Baltes-2023-252x300.jpg 252w, https:\/\/awo-koenigswinter.de\/wp-content\/uploads\/2023\/01\/Austellung-1-Barbara-Baltes-2023-859x1024.jpg 859w, https:\/\/awo-koenigswinter.de\/wp-content\/uploads\/2023\/01\/Austellung-1-Barbara-Baltes-2023-768x916.jpg 768w, https:\/\/awo-koenigswinter.de\/wp-content\/uploads\/2023\/01\/Austellung-1-Barbara-Baltes-2023-1289x1536.jpg 1289w, https:\/\/awo-koenigswinter.de\/wp-content\/uploads\/2023\/01\/Austellung-1-Barbara-Baltes-2023.jpg 1718w\" sizes=\"auto, (max-width: 252px) 100vw, 252px\" \/><\/p>\n<p>(Foto: Barbara Baltes)<\/p>\n<p>______________________________________________________________________________________________________________________________________<\/p>\n<p><strong>Neujahrsessen f\u00fcr die Ehrenamtlichen<\/strong><\/p>\n<p>Um das ehrenamtliche Engagement in der AWO K\u00f6nigswinter zu w\u00fcrdigen, lud AWO-Vorsitzende Hannelore Sander am 13. Januar zu einem Neujahrsessen ein. In ihrer Ansprache erinnerte sie daran, wie schwer es gewesen sei, w\u00e4hrend der Coronapause das Vereinsleben aufrecht zu erhalten. Sie dankte allen, die daf\u00fcr gesorgt h\u00e4tten, die AWO zu st\u00e4rken. &#8222;Ich freue mich auf die lebendige Angebotsvielfalt der AWO in der Zukunft&#8220;, erl\u00e4uterte sie.<\/p>\n<p><img loading=\"lazy\" decoding=\"async\" class=\"size-medium wp-image-1159\" src=\"https:\/\/awo-koenigswinter.de\/wp-content\/uploads\/2023\/01\/Ehrenamtstreffen-2023-300x167.jpg\" alt=\"\" width=\"300\" height=\"167\" srcset=\"https:\/\/awo-koenigswinter.de\/wp-content\/uploads\/2023\/01\/Ehrenamtstreffen-2023-300x167.jpg 300w, https:\/\/awo-koenigswinter.de\/wp-content\/uploads\/2023\/01\/Ehrenamtstreffen-2023-1024x569.jpg 1024w, https:\/\/awo-koenigswinter.de\/wp-content\/uploads\/2023\/01\/Ehrenamtstreffen-2023-768x427.jpg 768w, https:\/\/awo-koenigswinter.de\/wp-content\/uploads\/2023\/01\/Ehrenamtstreffen-2023-1536x854.jpg 1536w, https:\/\/awo-koenigswinter.de\/wp-content\/uploads\/2023\/01\/Ehrenamtstreffen-2023-2048x1138.jpg 2048w\" sizes=\"auto, (max-width: 300px) 100vw, 300px\" \/><\/p>\n<p>______________________________________________________________________________________________________________________________________<\/p>\n<div dir=\"ltr\" data-setdir=\"false\"><b>Achtsamkeit: Der Weg zu dir selbst<br aria-hidden=\"true\" \/><\/b><\/div>\n<div dir=\"ltr\" data-setdir=\"false\"><\/div>\n<div dir=\"ltr\" data-setdir=\"false\">Mit zwei neuen Angeboten kann die AWO K\u00f6nigsiwnter aufwarten. Am Mittwoch, dem 7. Juni, um 11.30 Uhr fand zum ersten Mal ein Achtsamkeitskurs statt. Er wird w\u00f6chentlich im AWO-Treff\u00a0 angeboten und kostet f\u00fcr jeden Kurstag 8 \u20ac.<br \/>\nDen Kurs gestaltet Daniela Kulla, eine gelernte Achtsamkeitstrainerin.<\/div>\n<div dir=\"ltr\" data-setdir=\"false\">Was hei\u00dft Achtsamkeitstraining? Es geht darum, Entspannungstechniken kennenzulernen und anzuwenden,<br \/>\nsich selbst und in der Gemeinschaft bewusst werden und die eigene Intuition zu entdecken.<br \/>\nMit anderen Worten: auch einmal etwas f\u00fcr sich selbst tun.<\/div>\n<div dir=\"ltr\" data-setdir=\"false\">\n<p>Anmeldungen gehen an Daniela Kulla, Telefon 01577 342864. Man kann auch sp\u00e4ter einsteigen.<br \/>\n_____________________________________________________________________________________________________________________________________<\/p>\n<\/div>\n<div dir=\"ltr\" data-setdir=\"false\"><\/div>\n","protected":false},"excerpt":{"rendered":"<p>Zauberei auf der Weihnachtsfeier Mit &#8222;Lucas -dem Magier&#8220; erhielt die Weihnachtsfeier der AWO eine besondere Note. Verbl\u00fcffende Tricks hatte der 25-j\u00e4hrige Lucas Knipping auf Lager, der die rund 80 Anwesenden erfreute. Die AWO-Frauen hatten f\u00fcr ein reiches Kuchenb\u00fcffet gesorgt. Traditionelle <span class=\"excerpt-dots\">&hellip;<\/span> <a class=\"more-link\" href=\"https:\/\/awo-koenigswinter.de\/?page_id=1152\"><span class=\"more-msg\">Weiterlesen &rarr;<\/span><\/a><\/p>\n","protected":false},"author":1,"featured_media":0,"parent":27,"menu_order":13,"comment_status":"closed","ping_status":"closed","template":"","meta":{"footnotes":""},"class_list":["post-1152","page","type-page","status-publish","hentry"],"_links":{"self":[{"href":"https:\/\/awo-koenigswinter.de\/index.php?rest_route=\/wp\/v2\/pages\/1152","targetHints":{"allow":["GET"]}}],"collection":[{"href":"https:\/\/awo-koenigswinter.de\/index.php?rest_route=\/wp\/v2\/pages"}],"about":[{"href":"https:\/\/awo-koenigswinter.de\/index.php?rest_route=\/wp\/v2\/types\/page"}],"author":[{"embeddable":true,"href":"https:\/\/awo-koenigswinter.de\/index.php?rest_route=\/wp\/v2\/users\/1"}],"replies":[{"embeddable":true,"href":"https:\/\/awo-koenigswinter.de\/index.php?rest_route=%2Fwp%2Fv2%2Fcomments&post=1152"}],"version-history":[{"count":4,"href":"https:\/\/awo-koenigswinter.de\/index.php?rest_route=\/wp\/v2\/pages\/1152\/revisions"}],"predecessor-version":[{"id":1390,"href":"https:\/\/awo-koenigswinter.de\/index.php?rest_route=\/wp\/v2\/pages\/1152\/revisions\/1390"}],"up":[{"embeddable":true,"href":"https:\/\/awo-koenigswinter.de\/index.php?rest_route=\/wp\/v2\/pages\/27"}],"wp:attachment":[{"href":"https:\/\/awo-koenigswinter.de\/index.php?rest_route=%2Fwp%2Fv2%2Fmedia&parent=1152"}],"curies":[{"name":"wp","href":"https:\/\/api.w.org\/{rel}","templated":true}]}}